{"version":"1.0","provider_name":"F\u00f6rfattarf\u00f6rbundet","provider_url":"https:\/\/forfattarforbundet.se","author_name":"Anton Samuelsson","author_url":"https:\/\/forfattarforbundet.se\/author\/anton-samuelsson\/","title":"Sveriges F\u00f6rfattarf\u00f6rbund och Natur & Kultur sluter avtal - F\u00f6rfattarf\u00f6rbundet","type":"rich","width":600,"height":338,"html":"<blockquote class=\"wp-embedded-content\" data-secret=\"20rs688ggn\"><a href=\"https:\/\/forfattarforbundet.se\/sveriges-forfattarforbund-och-natur-kultur-sluter-avtal\/\">Sveriges F\u00f6rfattarf\u00f6rbund och Natur &#038; Kultur sluter avtal<\/a><\/blockquote><iframe sandbox=\"allow-scripts\" security=\"restricted\" src=\"https:\/\/forfattarforbundet.se\/sveriges-forfattarforbund-och-natur-kultur-sluter-avtal\/embed\/#?secret=20rs688ggn\" width=\"600\" height=\"338\" title=\"\u201dSveriges F\u00f6rfattarf\u00f6rbund och Natur &#038; Kultur sluter avtal\u201d &ndash; F\u00f6rfattarf\u00f6rbundet\" data-secret=\"20rs688ggn\" frameborder=\"0\" marginwidth=\"0\" marginheight=\"0\" scrolling=\"no\" class=\"wp-embedded-content\"><\/iframe><script type=\"text\/javascript\">\n\/* <![CDATA[ *\/\n\/*! This file is auto-generated *\/\n!function(d,l){\"use strict\";l.querySelector&&d.addEventListener&&\"undefined\"!=typeof URL&&(d.wp=d.wp||{},d.wp.receiveEmbedMessage||(d.wp.receiveEmbedMessage=function(e){var t=e.data;if((t||t.secret||t.message||t.value)&&!\/[^a-zA-Z0-9]\/.test(t.secret)){for(var s,r,n,a=l.querySelectorAll('iframe[data-secret=\"'+t.secret+'\"]'),o=l.querySelectorAll('blockquote[data-secret=\"'+t.secret+'\"]'),c=new RegExp(\"^https?:$\",\"i\"),i=0;i<o.length;i++)o[i].style.display=\"none\";for(i=0;i<a.length;i++)s=a[i],e.source===s.contentWindow&&(s.removeAttribute(\"style\"),\"height\"===t.message?(1e3<(r=parseInt(t.value,10))?r=1e3:~~r<200&&(r=200),s.height=r):\"link\"===t.message&&(r=new URL(s.getAttribute(\"src\")),n=new URL(t.value),c.test(n.protocol))&&n.host===r.host&&l.activeElement===s&&(d.top.location.href=t.value))}},d.addEventListener(\"message\",d.wp.receiveEmbedMessage,!1),l.addEventListener(\"DOMContentLoaded\",function(){for(var e,t,s=l.querySelectorAll(\"iframe.wp-embedded-content\"),r=0;r<s.length;r++)(t=(e=s[r]).getAttribute(\"data-secret\"))||(t=Math.random().toString(36).substring(2,12),e.src+=\"#?secret=\"+t,e.setAttribute(\"data-secret\",t)),e.contentWindow.postMessage({message:\"ready\",secret:t},\"*\")},!1)))}(window,document);\n\/\/# sourceURL=https:\/\/forfattarforbundet.se\/wp\/wp-includes\/js\/wp-embed.min.js\n\/* ]]> *\/\n<\/script>\n","description":"Sveriges F\u00f6rfattarf\u00f6rbund och bokf\u00f6rlaget Natur &amp; Kultur har tr\u00e4ffat ett ramavtal om vilka villkor som skall g\u00e4lla vid bokutgivning. Det nya avtalet \u00e4r ett s\u00e5 kallat nettoavtal d\u00e4r royaltyn ber\u00e4knas p\u00e5 f\u00f6rlagets nettoint\u00e4kt. Detta \u00e4r f\u00f6rsta g\u00e5ngen sedan f\u00f6rhandlingarna mellan Sveriges F\u00f6rfattarf\u00f6rbund och Svenska F\u00f6rl\u00e4ggaref\u00f6reningen strandade i slutet av 90-talet som parterna har ett helt\u00e4ckande..."}