{"version":"1.0","provider_name":"F\u00f6rfattarf\u00f6rbundet","provider_url":"https:\/\/forfattarforbundet.se","author_name":"\u00c5sa Nordlinder","author_url":"https:\/\/forfattarforbundet.se\/author\/nordlinder\/","title":"\u00d6ppet brev fr\u00e5n det oberoende belarusiska f\u00f6rfattarf\u00f6rbundet - F\u00f6rfattarf\u00f6rbundet","type":"rich","width":600,"height":338,"html":"<blockquote class=\"wp-embedded-content\" data-secret=\"NvMmQNwwmV\"><a href=\"https:\/\/forfattarforbundet.se\/oppet-brev-fran-det-oberoende-belarusiska-forfattarforbundet\/\">\u00d6ppet brev fr\u00e5n det oberoende belarusiska f\u00f6rfattarf\u00f6rbundet<\/a><\/blockquote><iframe sandbox=\"allow-scripts\" security=\"restricted\" src=\"https:\/\/forfattarforbundet.se\/oppet-brev-fran-det-oberoende-belarusiska-forfattarforbundet\/embed\/#?secret=NvMmQNwwmV\" width=\"600\" height=\"338\" title=\"\u201d\u00d6ppet brev fr\u00e5n det oberoende belarusiska f\u00f6rfattarf\u00f6rbundet\u201d &ndash; F\u00f6rfattarf\u00f6rbundet\" data-secret=\"NvMmQNwwmV\" frameborder=\"0\" marginwidth=\"0\" marginheight=\"0\" scrolling=\"no\" class=\"wp-embedded-content\"><\/iframe><script type=\"text\/javascript\">\n\/* <![CDATA[ *\/\n\/*! This file is auto-generated *\/\n!function(d,l){\"use strict\";l.querySelector&&d.addEventListener&&\"undefined\"!=typeof URL&&(d.wp=d.wp||{},d.wp.receiveEmbedMessage||(d.wp.receiveEmbedMessage=function(e){var t=e.data;if((t||t.secret||t.message||t.value)&&!\/[^a-zA-Z0-9]\/.test(t.secret)){for(var s,r,n,a=l.querySelectorAll('iframe[data-secret=\"'+t.secret+'\"]'),o=l.querySelectorAll('blockquote[data-secret=\"'+t.secret+'\"]'),c=new RegExp(\"^https?:$\",\"i\"),i=0;i<o.length;i++)o[i].style.display=\"none\";for(i=0;i<a.length;i++)s=a[i],e.source===s.contentWindow&&(s.removeAttribute(\"style\"),\"height\"===t.message?(1e3<(r=parseInt(t.value,10))?r=1e3:~~r<200&&(r=200),s.height=r):\"link\"===t.message&&(r=new URL(s.getAttribute(\"src\")),n=new URL(t.value),c.test(n.protocol))&&n.host===r.host&&l.activeElement===s&&(d.top.location.href=t.value))}},d.addEventListener(\"message\",d.wp.receiveEmbedMessage,!1),l.addEventListener(\"DOMContentLoaded\",function(){for(var e,t,s=l.querySelectorAll(\"iframe.wp-embedded-content\"),r=0;r<s.length;r++)(t=(e=s[r]).getAttribute(\"data-secret\"))||(t=Math.random().toString(36).substring(2,12),e.src+=\"#?secret=\"+t,e.setAttribute(\"data-secret\",t)),e.contentWindow.postMessage({message:\"ready\",secret:t},\"*\")},!1)))}(window,document);\n\/\/# sourceURL=https:\/\/forfattarforbundet.se\/wp\/wp-includes\/js\/wp-embed.min.js\n\/* ]]> *\/\n<\/script>\n","description":"F\u00f6rfattar- och \u00f6vers\u00e4ttarorgansiationer sluter upp i solidaritet f\u00f6r det belarusiska folket. De djupa kr\u00e4nkningar av demokrati och yttrandefrihet som Belarus drabbas av idag r\u00f6r oss alla. H\u00e4r finns n\u00e5got du kan g\u00f6ra \u2013 hj\u00e4lp till att sprida brevet!","thumbnail_url":"https:\/\/forfattarforbundet.se\/app\/uploads\/2020\/11\/belaru_201119.jpg","thumbnail_width":900,"thumbnail_height":425}