{"version":"1.0","provider_name":"F\u00f6rfattarf\u00f6rbundet","provider_url":"https:\/\/forfattarforbundet.se","author_name":"\u00c5sa Nordlinder","author_url":"https:\/\/forfattarforbundet.se\/author\/nordlinder\/","title":"M\u00e5nadens medlem i Minerva: Marko T Wram\u00e9n - F\u00f6rfattarf\u00f6rbundet","type":"rich","width":600,"height":338,"html":"<blockquote class=\"wp-embedded-content\" data-secret=\"uKhpv67CPi\"><a href=\"https:\/\/forfattarforbundet.se\/manadens-medlem-i-minerva-marko-t-wramen\/\">M\u00e5nadens medlem i Minerva: Marko T Wram\u00e9n<\/a><\/blockquote><iframe sandbox=\"allow-scripts\" security=\"restricted\" src=\"https:\/\/forfattarforbundet.se\/manadens-medlem-i-minerva-marko-t-wramen\/embed\/#?secret=uKhpv67CPi\" width=\"600\" height=\"338\" title=\"\u201dM\u00e5nadens medlem i Minerva: Marko T Wram\u00e9n\u201d &ndash; F\u00f6rfattarf\u00f6rbundet\" data-secret=\"uKhpv67CPi\" frameborder=\"0\" marginwidth=\"0\" marginheight=\"0\" scrolling=\"no\" class=\"wp-embedded-content\"><\/iframe><script type=\"text\/javascript\">\n\/* <![CDATA[ *\/\n\/*! This file is auto-generated *\/\n!function(d,l){\"use strict\";l.querySelector&&d.addEventListener&&\"undefined\"!=typeof URL&&(d.wp=d.wp||{},d.wp.receiveEmbedMessage||(d.wp.receiveEmbedMessage=function(e){var t=e.data;if((t||t.secret||t.message||t.value)&&!\/[^a-zA-Z0-9]\/.test(t.secret)){for(var s,r,n,a=l.querySelectorAll('iframe[data-secret=\"'+t.secret+'\"]'),o=l.querySelectorAll('blockquote[data-secret=\"'+t.secret+'\"]'),c=new RegExp(\"^https?:$\",\"i\"),i=0;i<o.length;i++)o[i].style.display=\"none\";for(i=0;i<a.length;i++)s=a[i],e.source===s.contentWindow&&(s.removeAttribute(\"style\"),\"height\"===t.message?(1e3<(r=parseInt(t.value,10))?r=1e3:~~r<200&&(r=200),s.height=r):\"link\"===t.message&&(r=new URL(s.getAttribute(\"src\")),n=new URL(t.value),c.test(n.protocol))&&n.host===r.host&&l.activeElement===s&&(d.top.location.href=t.value))}},d.addEventListener(\"message\",d.wp.receiveEmbedMessage,!1),l.addEventListener(\"DOMContentLoaded\",function(){for(var e,t,s=l.querySelectorAll(\"iframe.wp-embedded-content\"),r=0;r<s.length;r++)(t=(e=s[r]).getAttribute(\"data-secret\"))||(t=Math.random().toString(36).substring(2,12),e.src+=\"#?secret=\"+t,e.setAttribute(\"data-secret\",t)),e.contentWindow.postMessage({message:\"ready\",secret:t},\"*\")},!1)))}(window,document);\n\/\/# sourceURL=https:\/\/forfattarforbundet.se\/wp\/wp-includes\/js\/wp-embed.min.js\n\/* ]]> *\/\n<\/script>\n","thumbnail_url":"https:\/\/forfattarforbundet.se\/app\/uploads\/2026\/04\/Marko-e1777461468191.jpg","thumbnail_width":945,"thumbnail_height":1014,"description":"Marko T Wram\u00e9n \u00e4r f\u00f6rfattaren som skrivit b\u00f6cker b\u00e5de om havet och rymden. D\u00e4remellan ocks\u00e5 om en och annan resa, ofta med t\u00e5g. Han drivs av nyfikenhet och uppt\u00e4ckarlust, anser det n\u00f6dv\u00e4ndigt att l\u00e4sa f\u00f6r att ocks\u00e5 kunna skriva och \u00e4r ny styrelseledamot i Minerva sedan februari 2026."}