{"version":"1.0","provider_name":"F\u00f6rfattarf\u00f6rbundet","provider_url":"https:\/\/forfattarforbundet.se","title":"M\u00e5nadens medlem i Minerva: Lars Arrhenius - F\u00f6rfattarf\u00f6rbundet","type":"rich","width":600,"height":338,"html":"<blockquote class=\"wp-embedded-content\" data-secret=\"UsVILjdnKX\"><a href=\"https:\/\/forfattarforbundet.se\/manadens-medlem-i-minerva-lars-arrhenius\/\">M\u00e5nadens medlem i Minerva: Lars Arrhenius<\/a><\/blockquote><iframe sandbox=\"allow-scripts\" security=\"restricted\" src=\"https:\/\/forfattarforbundet.se\/manadens-medlem-i-minerva-lars-arrhenius\/embed\/#?secret=UsVILjdnKX\" width=\"600\" height=\"338\" title=\"\u201dM\u00e5nadens medlem i Minerva: Lars Arrhenius\u201d &ndash; F\u00f6rfattarf\u00f6rbundet\" data-secret=\"UsVILjdnKX\" frameborder=\"0\" marginwidth=\"0\" marginheight=\"0\" scrolling=\"no\" class=\"wp-embedded-content\"><\/iframe><script>\n\/*! This file is auto-generated *\/\n!function(d,l){\"use strict\";l.querySelector&&d.addEventListener&&\"undefined\"!=typeof URL&&(d.wp=d.wp||{},d.wp.receiveEmbedMessage||(d.wp.receiveEmbedMessage=function(e){var t=e.data;if((t||t.secret||t.message||t.value)&&!\/[^a-zA-Z0-9]\/.test(t.secret)){for(var s,r,n,a=l.querySelectorAll('iframe[data-secret=\"'+t.secret+'\"]'),o=l.querySelectorAll('blockquote[data-secret=\"'+t.secret+'\"]'),c=new RegExp(\"^https?:$\",\"i\"),i=0;i<o.length;i++)o[i].style.display=\"none\";for(i=0;i<a.length;i++)s=a[i],e.source===s.contentWindow&&(s.removeAttribute(\"style\"),\"height\"===t.message?(1e3<(r=parseInt(t.value,10))?r=1e3:~~r<200&&(r=200),s.height=r):\"link\"===t.message&&(r=new URL(s.getAttribute(\"src\")),n=new URL(t.value),c.test(n.protocol))&&n.host===r.host&&l.activeElement===s&&(d.top.location.href=t.value))}},d.addEventListener(\"message\",d.wp.receiveEmbedMessage,!1),l.addEventListener(\"DOMContentLoaded\",function(){for(var e,t,s=l.querySelectorAll(\"iframe.wp-embedded-content\"),r=0;r<s.length;r++)(t=(e=s[r]).getAttribute(\"data-secret\"))||(t=Math.random().toString(36).substring(2,12),e.src+=\"#?secret=\"+t,e.setAttribute(\"data-secret\",t)),e.contentWindow.postMessage({message:\"ready\",secret:t},\"*\")},!1)))}(window,document);\n\/\/# sourceURL=https:\/\/forfattarforbundet.se\/wp\/wp-includes\/js\/wp-embed.min.js\n<\/script>\n","thumbnail_url":"https:\/\/forfattarforbundet.se\/app\/uploads\/2026\/08\/Arrhenius.jpg","thumbnail_width":241,"thumbnail_height":289,"description":"Lars Arrhenius \u00e4r jurist och f\u00f6rfattare som i b\u00e5de sitt yrke och sina b\u00f6cker \u00e4gnar sig \u00e5t fr\u00e5gor om sociala or\u00e4ttvisor och m\u00e4nskliga r\u00e4ttigheter, fr\u00e5n diskriminering till folkmord och motst\u00e5nd. Till h\u00f6sten avg\u00e5r han som myndighetschef f\u00f6r DO f\u00f6r att ist\u00e4llet fokusera p\u00e5 skrivandet."}