{"version":"1.0","provider_name":"F\u00f6rfattarf\u00f6rbundet","provider_url":"https:\/\/forfattarforbundet.se","author_name":"\u00c5sa Nordlinder","author_url":"https:\/\/forfattarforbundet.se\/author\/nordlinder\/","title":"M\u00e5nadens medlem i Minerva: Klas Grinell - F\u00f6rfattarf\u00f6rbundet","type":"rich","width":600,"height":338,"html":"<blockquote class=\"wp-embedded-content\" data-secret=\"847YJ4lGnm\"><a href=\"https:\/\/forfattarforbundet.se\/manadens-medlem-i-minerva-klas-grinell\/\">M\u00e5nadens medlem i Minerva: Klas Grinell<\/a><\/blockquote><iframe sandbox=\"allow-scripts\" security=\"restricted\" src=\"https:\/\/forfattarforbundet.se\/manadens-medlem-i-minerva-klas-grinell\/embed\/#?secret=847YJ4lGnm\" width=\"600\" height=\"338\" title=\"\u201dM\u00e5nadens medlem i Minerva: Klas Grinell\u201d &ndash; F\u00f6rfattarf\u00f6rbundet\" data-secret=\"847YJ4lGnm\" frameborder=\"0\" marginwidth=\"0\" marginheight=\"0\" scrolling=\"no\" class=\"wp-embedded-content\"><\/iframe><script type=\"text\/javascript\">\n\/* <![CDATA[ *\/\n\/*! This file is auto-generated *\/\n!function(d,l){\"use strict\";l.querySelector&&d.addEventListener&&\"undefined\"!=typeof URL&&(d.wp=d.wp||{},d.wp.receiveEmbedMessage||(d.wp.receiveEmbedMessage=function(e){var t=e.data;if((t||t.secret||t.message||t.value)&&!\/[^a-zA-Z0-9]\/.test(t.secret)){for(var s,r,n,a=l.querySelectorAll('iframe[data-secret=\"'+t.secret+'\"]'),o=l.querySelectorAll('blockquote[data-secret=\"'+t.secret+'\"]'),c=new RegExp(\"^https?:$\",\"i\"),i=0;i<o.length;i++)o[i].style.display=\"none\";for(i=0;i<a.length;i++)s=a[i],e.source===s.contentWindow&&(s.removeAttribute(\"style\"),\"height\"===t.message?(1e3<(r=parseInt(t.value,10))?r=1e3:~~r<200&&(r=200),s.height=r):\"link\"===t.message&&(r=new URL(s.getAttribute(\"src\")),n=new URL(t.value),c.test(n.protocol))&&n.host===r.host&&l.activeElement===s&&(d.top.location.href=t.value))}},d.addEventListener(\"message\",d.wp.receiveEmbedMessage,!1),l.addEventListener(\"DOMContentLoaded\",function(){for(var e,t,s=l.querySelectorAll(\"iframe.wp-embedded-content\"),r=0;r<s.length;r++)(t=(e=s[r]).getAttribute(\"data-secret\"))||(t=Math.random().toString(36).substring(2,12),e.src+=\"#?secret=\"+t,e.setAttribute(\"data-secret\",t)),e.contentWindow.postMessage({message:\"ready\",secret:t},\"*\")},!1)))}(window,document);\n\/\/# sourceURL=https:\/\/forfattarforbundet.se\/wp\/wp-includes\/js\/wp-embed.min.js\n\/* ]]> *\/\n<\/script>\n","thumbnail_url":"https:\/\/forfattarforbundet.se\/app\/uploads\/2024\/03\/Klas-Grinell_besk.jpg","thumbnail_width":960,"thumbnail_height":1032,"description":"April m\u00e5nads medlem \u00e4r id\u00e9historiker (och aristoteliker!) men f\u00f6rs\u00f6ker avst\u00e5 fr\u00e5n forskningsprosan till f\u00f6rm\u00e5n f\u00f6r den stil och form \u00e4mnet beh\u00f6ver. Han anv\u00e4nder den mesta av sin fritid till att skriva p\u00e5, och skriver sakprosa eftersom skrivandet g\u00f6r det roligt att l\u00e4sa och l\u00e4ra sig om nya \u00e4mnen."}