{"version":"1.0","provider_name":"F\u00f6rfattarf\u00f6rbundet","provider_url":"https:\/\/forfattarforbundet.se","author_name":"\u00c5sa Nordlinder","author_url":"https:\/\/forfattarforbundet.se\/author\/nordlinder\/","title":"Litteraturens dag 2024: Ordets kraft \u2013 bokens v\u00e4rde - F\u00f6rfattarf\u00f6rbundet","type":"rich","width":600,"height":338,"html":"<blockquote class=\"wp-embedded-content\" data-secret=\"WTMVeZtzqB\"><a href=\"https:\/\/forfattarforbundet.se\/litteraturens-dag-2024-ordets-kraft-bokens-varde\/\">Litteraturens dag 2024: Ordets kraft \u2013 bokens v\u00e4rde<\/a><\/blockquote><iframe sandbox=\"allow-scripts\" security=\"restricted\" src=\"https:\/\/forfattarforbundet.se\/litteraturens-dag-2024-ordets-kraft-bokens-varde\/embed\/#?secret=WTMVeZtzqB\" width=\"600\" height=\"338\" title=\"\u201dLitteraturens dag 2024: Ordets kraft \u2013 bokens v\u00e4rde\u201d &ndash; F\u00f6rfattarf\u00f6rbundet\" data-secret=\"WTMVeZtzqB\" frameborder=\"0\" marginwidth=\"0\" marginheight=\"0\" scrolling=\"no\" class=\"wp-embedded-content\"><\/iframe><script type=\"text\/javascript\">\n\/* <![CDATA[ *\/\n\/*! This file is auto-generated *\/\n!function(d,l){\"use strict\";l.querySelector&&d.addEventListener&&\"undefined\"!=typeof URL&&(d.wp=d.wp||{},d.wp.receiveEmbedMessage||(d.wp.receiveEmbedMessage=function(e){var t=e.data;if((t||t.secret||t.message||t.value)&&!\/[^a-zA-Z0-9]\/.test(t.secret)){for(var s,r,n,a=l.querySelectorAll('iframe[data-secret=\"'+t.secret+'\"]'),o=l.querySelectorAll('blockquote[data-secret=\"'+t.secret+'\"]'),c=new RegExp(\"^https?:$\",\"i\"),i=0;i<o.length;i++)o[i].style.display=\"none\";for(i=0;i<a.length;i++)s=a[i],e.source===s.contentWindow&&(s.removeAttribute(\"style\"),\"height\"===t.message?(1e3<(r=parseInt(t.value,10))?r=1e3:~~r<200&&(r=200),s.height=r):\"link\"===t.message&&(r=new URL(s.getAttribute(\"src\")),n=new URL(t.value),c.test(n.protocol))&&n.host===r.host&&l.activeElement===s&&(d.top.location.href=t.value))}},d.addEventListener(\"message\",d.wp.receiveEmbedMessage,!1),l.addEventListener(\"DOMContentLoaded\",function(){for(var e,t,s=l.querySelectorAll(\"iframe.wp-embedded-content\"),r=0;r<s.length;r++)(t=(e=s[r]).getAttribute(\"data-secret\"))||(t=Math.random().toString(36).substring(2,12),e.src+=\"#?secret=\"+t,e.setAttribute(\"data-secret\",t)),e.contentWindow.postMessage({message:\"ready\",secret:t},\"*\")},!1)))}(window,document);\n\/\/# sourceURL=https:\/\/forfattarforbundet.se\/wp\/wp-includes\/js\/wp-embed.min.js\n\/* ]]> *\/\n<\/script>\n","thumbnail_url":"https:\/\/forfattarforbundet.se\/app\/uploads\/2024\/01\/Besk_Litteraturens-dag-kollage-FINAL-Liggande-Per-scaled.jpg","thumbnail_width":2560,"thumbnail_height":2427,"description":"Sveriges F\u00f6rfattarf\u00f6rbund och Dramaten arrangerar en dag med fullt fokus p\u00e5 litteraturens framtid. L\u00e4sningar, samtal och debatt med bland andra dramatikern Suzanne Osten, f\u00f6rfattarna Kristina Sandberg och Nina W\u00e4h\u00e4 och sk\u00e5despelaren och f\u00f6rfattaren Jonas Karlsson. Litteraturens dag 2024 \u2013 ordets kraft och bokens v\u00e4rde \u00e4ger rum den 5 mars p\u00e5 Lilla Scenen."}