{"version":"1.0","provider_name":"F\u00f6rfattarf\u00f6rbundet","provider_url":"https:\/\/forfattarforbundet.se","author_name":"\u00c5sa Nordlinder","author_url":"https:\/\/forfattarforbundet.se\/author\/nordlinder\/","title":"Lars Salviuspriset har tilldelats Bodil J\u00f6nsson - F\u00f6rfattarf\u00f6rbundet","type":"rich","width":600,"height":338,"html":"<blockquote class=\"wp-embedded-content\" data-secret=\"7LichiI8rO\"><a href=\"https:\/\/forfattarforbundet.se\/lars-salviuspriset-har-tilldelats-bodil-jonsson\/\">Lars Salviuspriset har tilldelats Bodil J\u00f6nsson<\/a><\/blockquote><iframe sandbox=\"allow-scripts\" security=\"restricted\" src=\"https:\/\/forfattarforbundet.se\/lars-salviuspriset-har-tilldelats-bodil-jonsson\/embed\/#?secret=7LichiI8rO\" width=\"600\" height=\"338\" title=\"\u201dLars Salviuspriset har tilldelats Bodil J\u00f6nsson\u201d &ndash; F\u00f6rfattarf\u00f6rbundet\" data-secret=\"7LichiI8rO\" frameborder=\"0\" marginwidth=\"0\" marginheight=\"0\" scrolling=\"no\" class=\"wp-embedded-content\"><\/iframe><script type=\"text\/javascript\">\n\/* <![CDATA[ *\/\n\/*! This file is auto-generated *\/\n!function(d,l){\"use strict\";l.querySelector&&d.addEventListener&&\"undefined\"!=typeof URL&&(d.wp=d.wp||{},d.wp.receiveEmbedMessage||(d.wp.receiveEmbedMessage=function(e){var t=e.data;if((t||t.secret||t.message||t.value)&&!\/[^a-zA-Z0-9]\/.test(t.secret)){for(var s,r,n,a=l.querySelectorAll('iframe[data-secret=\"'+t.secret+'\"]'),o=l.querySelectorAll('blockquote[data-secret=\"'+t.secret+'\"]'),c=new RegExp(\"^https?:$\",\"i\"),i=0;i<o.length;i++)o[i].style.display=\"none\";for(i=0;i<a.length;i++)s=a[i],e.source===s.contentWindow&&(s.removeAttribute(\"style\"),\"height\"===t.message?(1e3<(r=parseInt(t.value,10))?r=1e3:~~r<200&&(r=200),s.height=r):\"link\"===t.message&&(r=new URL(s.getAttribute(\"src\")),n=new URL(t.value),c.test(n.protocol))&&n.host===r.host&&l.activeElement===s&&(d.top.location.href=t.value))}},d.addEventListener(\"message\",d.wp.receiveEmbedMessage,!1),l.addEventListener(\"DOMContentLoaded\",function(){for(var e,t,s=l.querySelectorAll(\"iframe.wp-embedded-content\"),r=0;r<s.length;r++)(t=(e=s[r]).getAttribute(\"data-secret\"))||(t=Math.random().toString(36).substring(2,12),e.src+=\"#?secret=\"+t,e.setAttribute(\"data-secret\",t)),e.contentWindow.postMessage({message:\"ready\",secret:t},\"*\")},!1)))}(window,document);\n\/\/# sourceURL=https:\/\/forfattarforbundet.se\/wp\/wp-includes\/js\/wp-embed.min.js\n\/* ]]> *\/\n<\/script>\n","thumbnail_url":"https:\/\/forfattarforbundet.se\/app\/uploads\/2021\/10\/bodilpress-1118x1600-1.jpg","thumbnail_width":1118,"thumbnail_height":1600,"description":"\"Bodil J\u00f6nsson \u00e4r en f\u00f6rebild i sin nyfikenhet och vilja att f\u00f6rst\u00e5, f\u00f6rklara och ber\u00e4tta. Hon behandlar det allra sv\u00e5raste med l\u00e4tthet och spr\u00e5klig klarhet. P\u00e5 s\u00e5 vis bjuder hon in l\u00e4saren och \u00f6ppnar d\u00f6rrar till ny f\u00f6rst\u00e5else och kunskap.\""}