{"version":"1.0","provider_name":"F\u00f6rfattarf\u00f6rbundet","provider_url":"https:\/\/forfattarforbundet.se","author_name":"\u00c5sa Nordlinder","author_url":"https:\/\/forfattarforbundet.se\/author\/nordlinder\/","title":"Utdelning av Slangbellan-priset - F\u00f6rfattarf\u00f6rbundet","type":"rich","width":600,"height":338,"html":"<blockquote class=\"wp-embedded-content\" data-secret=\"sYNNZQMbbS\"><a href=\"https:\/\/forfattarforbundet.se\/kalendarium\/kalenderhandelse\/utdelning-av-slangbellan-priset\/\">Utdelning av Slangbellan-priset<\/a><\/blockquote><iframe sandbox=\"allow-scripts\" security=\"restricted\" src=\"https:\/\/forfattarforbundet.se\/kalendarium\/kalenderhandelse\/utdelning-av-slangbellan-priset\/embed\/#?secret=sYNNZQMbbS\" width=\"600\" height=\"338\" title=\"\u201dUtdelning av Slangbellan-priset\u201d &ndash; F\u00f6rfattarf\u00f6rbundet\" data-secret=\"sYNNZQMbbS\" frameborder=\"0\" marginwidth=\"0\" marginheight=\"0\" scrolling=\"no\" class=\"wp-embedded-content\"><\/iframe><script type=\"text\/javascript\">\n\/* <![CDATA[ *\/\n\/*! This file is auto-generated *\/\n!function(d,l){\"use strict\";l.querySelector&&d.addEventListener&&\"undefined\"!=typeof URL&&(d.wp=d.wp||{},d.wp.receiveEmbedMessage||(d.wp.receiveEmbedMessage=function(e){var t=e.data;if((t||t.secret||t.message||t.value)&&!\/[^a-zA-Z0-9]\/.test(t.secret)){for(var s,r,n,a=l.querySelectorAll('iframe[data-secret=\"'+t.secret+'\"]'),o=l.querySelectorAll('blockquote[data-secret=\"'+t.secret+'\"]'),c=new RegExp(\"^https?:$\",\"i\"),i=0;i<o.length;i++)o[i].style.display=\"none\";for(i=0;i<a.length;i++)s=a[i],e.source===s.contentWindow&&(s.removeAttribute(\"style\"),\"height\"===t.message?(1e3<(r=parseInt(t.value,10))?r=1e3:~~r<200&&(r=200),s.height=r):\"link\"===t.message&&(r=new URL(s.getAttribute(\"src\")),n=new URL(t.value),c.test(n.protocol))&&n.host===r.host&&l.activeElement===s&&(d.top.location.href=t.value))}},d.addEventListener(\"message\",d.wp.receiveEmbedMessage,!1),l.addEventListener(\"DOMContentLoaded\",function(){for(var e,t,s=l.querySelectorAll(\"iframe.wp-embedded-content\"),r=0;r<s.length;r++)(t=(e=s[r]).getAttribute(\"data-secret\"))||(t=Math.random().toString(36).substring(2,12),e.src+=\"#?secret=\"+t,e.setAttribute(\"data-secret\",t)),e.contentWindow.postMessage({message:\"ready\",secret:t},\"*\")},!1)))}(window,document);\n\/\/# sourceURL=https:\/\/forfattarforbundet.se\/wp\/wp-includes\/js\/wp-embed.min.js\n\/* ]]> *\/\n<\/script>\n","thumbnail_url":"https:\/\/forfattarforbundet.se\/app\/uploads\/2021\/05\/slangbellan-logga_storre.jpg","thumbnail_width":619,"thumbnail_height":471,"description":"V\u00e4lkomna till prisutdelningen av Slangbellan \u2013 F\u00f6rfattarf\u00f6rbundets barn- och ungdomslitter\u00e4ra sektions debutantpris. Liksom f\u00f6rra \u00e5ret \u00e4r evenemanget digitalt och \u00e4ger rum onsdag 19 maj kl 11.30 p\u00e5 litteraturfestivalen Litteralund. Evenemanget \u00e4r kostnadsfritt, men du m\u00e5ste f\u00f6ranm\u00e4la dig p\u00e5 Litteralunds webbsida. De nominerade De nominerade f\u00f6r 2020 \u00e5rs b\u00e4sta barn- och ungdomslitter\u00e4ra debut \u00e4r: Seluah Alsaati,..."}