{"version":"1.0","provider_name":"F\u00f6rfattarf\u00f6rbundet","provider_url":"https:\/\/forfattarforbundet.se","author_name":"\u00c5sa Nordlinder","author_url":"https:\/\/forfattarforbundet.se\/author\/nordlinder\/","title":"Panelsamtal om situationen i Bangladesh - F\u00f6rfattarf\u00f6rbundet","type":"rich","width":600,"height":338,"html":"<blockquote class=\"wp-embedded-content\" data-secret=\"bpF02anZsQ\"><a href=\"https:\/\/forfattarforbundet.se\/kalendarium\/kalenderhandelse\/panelsamtal-om-situationen-i-bangladesh\/\">Panelsamtal om situationen i Bangladesh<\/a><\/blockquote><iframe sandbox=\"allow-scripts\" security=\"restricted\" src=\"https:\/\/forfattarforbundet.se\/kalendarium\/kalenderhandelse\/panelsamtal-om-situationen-i-bangladesh\/embed\/#?secret=bpF02anZsQ\" width=\"600\" height=\"338\" title=\"\u201dPanelsamtal om situationen i Bangladesh\u201d &ndash; F\u00f6rfattarf\u00f6rbundet\" data-secret=\"bpF02anZsQ\" frameborder=\"0\" marginwidth=\"0\" marginheight=\"0\" scrolling=\"no\" class=\"wp-embedded-content\"><\/iframe><script type=\"text\/javascript\">\n\/* <![CDATA[ *\/\n\/*! This file is auto-generated *\/\n!function(d,l){\"use strict\";l.querySelector&&d.addEventListener&&\"undefined\"!=typeof URL&&(d.wp=d.wp||{},d.wp.receiveEmbedMessage||(d.wp.receiveEmbedMessage=function(e){var t=e.data;if((t||t.secret||t.message||t.value)&&!\/[^a-zA-Z0-9]\/.test(t.secret)){for(var s,r,n,a=l.querySelectorAll('iframe[data-secret=\"'+t.secret+'\"]'),o=l.querySelectorAll('blockquote[data-secret=\"'+t.secret+'\"]'),c=new RegExp(\"^https?:$\",\"i\"),i=0;i<o.length;i++)o[i].style.display=\"none\";for(i=0;i<a.length;i++)s=a[i],e.source===s.contentWindow&&(s.removeAttribute(\"style\"),\"height\"===t.message?(1e3<(r=parseInt(t.value,10))?r=1e3:~~r<200&&(r=200),s.height=r):\"link\"===t.message&&(r=new URL(s.getAttribute(\"src\")),n=new URL(t.value),c.test(n.protocol))&&n.host===r.host&&l.activeElement===s&&(d.top.location.href=t.value))}},d.addEventListener(\"message\",d.wp.receiveEmbedMessage,!1),l.addEventListener(\"DOMContentLoaded\",function(){for(var e,t,s=l.querySelectorAll(\"iframe.wp-embedded-content\"),r=0;r<s.length;r++)(t=(e=s[r]).getAttribute(\"data-secret\"))||(t=Math.random().toString(36).substring(2,12),e.src+=\"#?secret=\"+t,e.setAttribute(\"data-secret\",t)),e.contentWindow.postMessage({message:\"ready\",secret:t},\"*\")},!1)))}(window,document);\n\/\/# sourceURL=https:\/\/forfattarforbundet.se\/wp\/wp-includes\/js\/wp-embed.min.js\n\/* ]]> *\/\n<\/script>\n","description":"Bangladesh k\u00e4mpar fortfarande f\u00f6r frihet L\u00e4get f\u00f6r demokratin samt yttrandefriheten i Bangladesh har kraftigt f\u00f6rs\u00e4mrats. F\u00f6rhoppningar fanns om att situationen skulle f\u00f6rb\u00e4ttras under \u00f6verg\u00e5ngsregeringen ledd av nobelpristagaren Muhammad Yunus. Men resultatet har blivit det motsatta. Under de senaste m\u00e5naderna har fler \u00e4n 300 journalister och f\u00f6rfattare, \u00e5talats f\u00f6r mord. 30 journalister och f\u00f6rfattare, d\u00e4ribland m\u00e4nniskor\u00e4ttsaktivisten..."}