{"version":"1.0","provider_name":"F\u00f6rfattarf\u00f6rbundet","provider_url":"https:\/\/forfattarforbundet.se","author_name":"Annie Norin","author_url":"https:\/\/forfattarforbundet.se\/author\/annie-norin\/","title":"Paneldebatt om bokens v\u00e4rde - F\u00f6rfattarf\u00f6rbundet","type":"rich","width":600,"height":338,"html":"<blockquote class=\"wp-embedded-content\" data-secret=\"MWhy6HcqdC\"><a href=\"https:\/\/forfattarforbundet.se\/kalendarium\/kalenderhandelse\/paneldebatt-om-bokens-varde\/\">Paneldebatt om bokens v\u00e4rde<\/a><\/blockquote><iframe sandbox=\"allow-scripts\" security=\"restricted\" src=\"https:\/\/forfattarforbundet.se\/kalendarium\/kalenderhandelse\/paneldebatt-om-bokens-varde\/embed\/#?secret=MWhy6HcqdC\" width=\"600\" height=\"338\" title=\"\u201dPaneldebatt om bokens v\u00e4rde\u201d &ndash; F\u00f6rfattarf\u00f6rbundet\" data-secret=\"MWhy6HcqdC\" frameborder=\"0\" marginwidth=\"0\" marginheight=\"0\" scrolling=\"no\" class=\"wp-embedded-content\"><\/iframe><script type=\"text\/javascript\">\n\/* <![CDATA[ *\/\n\/*! This file is auto-generated *\/\n!function(d,l){\"use strict\";l.querySelector&&d.addEventListener&&\"undefined\"!=typeof URL&&(d.wp=d.wp||{},d.wp.receiveEmbedMessage||(d.wp.receiveEmbedMessage=function(e){var t=e.data;if((t||t.secret||t.message||t.value)&&!\/[^a-zA-Z0-9]\/.test(t.secret)){for(var s,r,n,a=l.querySelectorAll('iframe[data-secret=\"'+t.secret+'\"]'),o=l.querySelectorAll('blockquote[data-secret=\"'+t.secret+'\"]'),c=new RegExp(\"^https?:$\",\"i\"),i=0;i<o.length;i++)o[i].style.display=\"none\";for(i=0;i<a.length;i++)s=a[i],e.source===s.contentWindow&&(s.removeAttribute(\"style\"),\"height\"===t.message?(1e3<(r=parseInt(t.value,10))?r=1e3:~~r<200&&(r=200),s.height=r):\"link\"===t.message&&(r=new URL(s.getAttribute(\"src\")),n=new URL(t.value),c.test(n.protocol))&&n.host===r.host&&l.activeElement===s&&(d.top.location.href=t.value))}},d.addEventListener(\"message\",d.wp.receiveEmbedMessage,!1),l.addEventListener(\"DOMContentLoaded\",function(){for(var e,t,s=l.querySelectorAll(\"iframe.wp-embedded-content\"),r=0;r<s.length;r++)(t=(e=s[r]).getAttribute(\"data-secret\"))||(t=Math.random().toString(36).substring(2,12),e.src+=\"#?secret=\"+t,e.setAttribute(\"data-secret\",t)),e.contentWindow.postMessage({message:\"ready\",secret:t},\"*\")},!1)))}(window,document);\n\/\/# sourceURL=https:\/\/forfattarforbundet.se\/wp\/wp-includes\/js\/wp-embed.min.js\n\/* ]]> *\/\n<\/script>\n","description":"Bokens v\u00e4rde Bokbranschen underg\u00e5r just nu stora f\u00f6r\u00e4ndringar. De p\u00e5verkar litteraturens format, ekonomi, maktf\u00f6rdelning, distribution och f\u00f6rmedling. Det \u00e4r n\u00e5got mycket konkret och k\u00e4nnbart, inte minst f\u00f6r upphovspersonerna sj\u00e4lva, f\u00f6rfattare och \u00f6vers\u00e4ttare. Men f\u00f6r\u00e4ndringarna g\u00e5r djupare \u00e4n s\u00e5, de p\u00e5verkar ocks\u00e5 synen p\u00e5 vad en bok \u00e4r, vad en f\u00f6rfattare eller \u00f6vers\u00e4ttare \u00e4r och vad..."}