{"version":"1.0","provider_name":"F\u00f6rfattarf\u00f6rbundet","provider_url":"https:\/\/forfattarforbundet.se","author_name":"Annie Norin","author_url":"https:\/\/forfattarforbundet.se\/author\/annie-norin\/","title":"Medlemsm\u00f6te om DSM-direktivet - F\u00f6rfattarf\u00f6rbundet","type":"rich","width":600,"height":338,"html":"<blockquote class=\"wp-embedded-content\" data-secret=\"aXfcUurjC8\"><a href=\"https:\/\/forfattarforbundet.se\/kalendarium\/kalenderhandelse\/medlemsmote-om-dsm-direktivet\/\">Medlemsm\u00f6te om DSM-direktivet<\/a><\/blockquote><iframe sandbox=\"allow-scripts\" security=\"restricted\" src=\"https:\/\/forfattarforbundet.se\/kalendarium\/kalenderhandelse\/medlemsmote-om-dsm-direktivet\/embed\/#?secret=aXfcUurjC8\" width=\"600\" height=\"338\" title=\"\u201dMedlemsm\u00f6te om DSM-direktivet\u201d &ndash; F\u00f6rfattarf\u00f6rbundet\" data-secret=\"aXfcUurjC8\" frameborder=\"0\" marginwidth=\"0\" marginheight=\"0\" scrolling=\"no\" class=\"wp-embedded-content\"><\/iframe><script type=\"text\/javascript\">\n\/* <![CDATA[ *\/\n\/*! This file is auto-generated *\/\n!function(d,l){\"use strict\";l.querySelector&&d.addEventListener&&\"undefined\"!=typeof URL&&(d.wp=d.wp||{},d.wp.receiveEmbedMessage||(d.wp.receiveEmbedMessage=function(e){var t=e.data;if((t||t.secret||t.message||t.value)&&!\/[^a-zA-Z0-9]\/.test(t.secret)){for(var s,r,n,a=l.querySelectorAll('iframe[data-secret=\"'+t.secret+'\"]'),o=l.querySelectorAll('blockquote[data-secret=\"'+t.secret+'\"]'),c=new RegExp(\"^https?:$\",\"i\"),i=0;i<o.length;i++)o[i].style.display=\"none\";for(i=0;i<a.length;i++)s=a[i],e.source===s.contentWindow&&(s.removeAttribute(\"style\"),\"height\"===t.message?(1e3<(r=parseInt(t.value,10))?r=1e3:~~r<200&&(r=200),s.height=r):\"link\"===t.message&&(r=new URL(s.getAttribute(\"src\")),n=new URL(t.value),c.test(n.protocol))&&n.host===r.host&&l.activeElement===s&&(d.top.location.href=t.value))}},d.addEventListener(\"message\",d.wp.receiveEmbedMessage,!1),l.addEventListener(\"DOMContentLoaded\",function(){for(var e,t,s=l.querySelectorAll(\"iframe.wp-embedded-content\"),r=0;r<s.length;r++)(t=(e=s[r]).getAttribute(\"data-secret\"))||(t=Math.random().toString(36).substring(2,12),e.src+=\"#?secret=\"+t,e.setAttribute(\"data-secret\",t)),e.contentWindow.postMessage({message:\"ready\",secret:t},\"*\")},!1)))}(window,document);\n\/\/# sourceURL=https:\/\/forfattarforbundet.se\/wp\/wp-includes\/js\/wp-embed.min.js\n\/* ]]> *\/\n<\/script>\n","description":"Sveriges F\u00f6rfattarf\u00f6rbund har tidigt tagit st\u00e4llning f\u00f6r DSM-direktivet som r\u00f6stades igenom tisdagen den 26 mars. Vi har tillsammans med 150 000 andra svenska kulturskapare uppmanat v\u00e5ra politiker att r\u00f6sta ja till upphovsr\u00e4tt, och ja till yttrandefrihet. F\u00f6rfattarf\u00f6rbundet bjuder nu in till en medlemskv\u00e4ll f\u00f6r fortsatta samtal om DSM-direktivet, och dess p\u00e5verkan p\u00e5 v\u00e5ra medlemmars villkor..."}