{"version":"1.0","provider_name":"F\u00f6rfattarf\u00f6rbundet","provider_url":"https:\/\/forfattarforbundet.se","author_name":"Annie Norin","author_url":"https:\/\/forfattarforbundet.se\/author\/annie-norin\/","title":"Medlemskv\u00e4ll med Minerva - F\u00f6rfattarf\u00f6rbundet","type":"rich","width":600,"height":338,"html":"<blockquote class=\"wp-embedded-content\" data-secret=\"KkZvrTpe7S\"><a href=\"https:\/\/forfattarforbundet.se\/kalendarium\/kalenderhandelse\/medlemskvall-med-minerva\/\">Medlemskv\u00e4ll med Minerva<\/a><\/blockquote><iframe sandbox=\"allow-scripts\" security=\"restricted\" src=\"https:\/\/forfattarforbundet.se\/kalendarium\/kalenderhandelse\/medlemskvall-med-minerva\/embed\/#?secret=KkZvrTpe7S\" width=\"600\" height=\"338\" title=\"\u201dMedlemskv\u00e4ll med Minerva\u201d &ndash; F\u00f6rfattarf\u00f6rbundet\" data-secret=\"KkZvrTpe7S\" frameborder=\"0\" marginwidth=\"0\" marginheight=\"0\" scrolling=\"no\" class=\"wp-embedded-content\"><\/iframe><script type=\"text\/javascript\">\n\/* <![CDATA[ *\/\n\/*! This file is auto-generated *\/\n!function(d,l){\"use strict\";l.querySelector&&d.addEventListener&&\"undefined\"!=typeof URL&&(d.wp=d.wp||{},d.wp.receiveEmbedMessage||(d.wp.receiveEmbedMessage=function(e){var t=e.data;if((t||t.secret||t.message||t.value)&&!\/[^a-zA-Z0-9]\/.test(t.secret)){for(var s,r,n,a=l.querySelectorAll('iframe[data-secret=\"'+t.secret+'\"]'),o=l.querySelectorAll('blockquote[data-secret=\"'+t.secret+'\"]'),c=new RegExp(\"^https?:$\",\"i\"),i=0;i<o.length;i++)o[i].style.display=\"none\";for(i=0;i<a.length;i++)s=a[i],e.source===s.contentWindow&&(s.removeAttribute(\"style\"),\"height\"===t.message?(1e3<(r=parseInt(t.value,10))?r=1e3:~~r<200&&(r=200),s.height=r):\"link\"===t.message&&(r=new URL(s.getAttribute(\"src\")),n=new URL(t.value),c.test(n.protocol))&&n.host===r.host&&l.activeElement===s&&(d.top.location.href=t.value))}},d.addEventListener(\"message\",d.wp.receiveEmbedMessage,!1),l.addEventListener(\"DOMContentLoaded\",function(){for(var e,t,s=l.querySelectorAll(\"iframe.wp-embedded-content\"),r=0;r<s.length;r++)(t=(e=s[r]).getAttribute(\"data-secret\"))||(t=Math.random().toString(36).substring(2,12),e.src+=\"#?secret=\"+t,e.setAttribute(\"data-secret\",t)),e.contentWindow.postMessage({message:\"ready\",secret:t},\"*\")},!1)))}(window,document);\n\/\/# sourceURL=https:\/\/forfattarforbundet.se\/wp\/wp-includes\/js\/wp-embed.min.js\n\/* ]]> *\/\n<\/script>\n","description":"F\u00f6rfattarskapet som aktiv del av ett hantverksf\u00f6retag Hur kan ett f\u00f6rfattarskap se ut om det uppst\u00e5r i k\u00f6lvattnet av taktilt hantverk? Om skrivandet inte \u00e4r det mest intellektuellt stimulerande under ens arbetsdag, kan det \u00e4nd\u00e5 bli en bra text? \u00c4r hantverksb\u00f6cker ens riktiga b\u00f6cker, och vad finns det f\u00f6r po\u00e4ng i att f\u00f6rklara handens arbete..."}