{"version":"1.0","provider_name":"F\u00f6rfattarf\u00f6rbundet","provider_url":"https:\/\/forfattarforbundet.se","author_name":"\u00c5sa Nordlinder","author_url":"https:\/\/forfattarforbundet.se\/author\/nordlinder\/","title":"Manifestation f\u00f6r Ukraina - F\u00f6rfattarf\u00f6rbundet","type":"rich","width":600,"height":338,"html":"<blockquote class=\"wp-embedded-content\" data-secret=\"IYCTQA4VEO\"><a href=\"https:\/\/forfattarforbundet.se\/kalendarium\/kalenderhandelse\/manifestation-for-ukraina\/\">Manifestation f\u00f6r Ukraina<\/a><\/blockquote><iframe sandbox=\"allow-scripts\" security=\"restricted\" src=\"https:\/\/forfattarforbundet.se\/kalendarium\/kalenderhandelse\/manifestation-for-ukraina\/embed\/#?secret=IYCTQA4VEO\" width=\"600\" height=\"338\" title=\"\u201dManifestation f\u00f6r Ukraina\u201d &ndash; F\u00f6rfattarf\u00f6rbundet\" data-secret=\"IYCTQA4VEO\" frameborder=\"0\" marginwidth=\"0\" marginheight=\"0\" scrolling=\"no\" class=\"wp-embedded-content\"><\/iframe><script type=\"text\/javascript\">\n\/* <![CDATA[ *\/\n\/*! This file is auto-generated *\/\n!function(d,l){\"use strict\";l.querySelector&&d.addEventListener&&\"undefined\"!=typeof URL&&(d.wp=d.wp||{},d.wp.receiveEmbedMessage||(d.wp.receiveEmbedMessage=function(e){var t=e.data;if((t||t.secret||t.message||t.value)&&!\/[^a-zA-Z0-9]\/.test(t.secret)){for(var s,r,n,a=l.querySelectorAll('iframe[data-secret=\"'+t.secret+'\"]'),o=l.querySelectorAll('blockquote[data-secret=\"'+t.secret+'\"]'),c=new RegExp(\"^https?:$\",\"i\"),i=0;i<o.length;i++)o[i].style.display=\"none\";for(i=0;i<a.length;i++)s=a[i],e.source===s.contentWindow&&(s.removeAttribute(\"style\"),\"height\"===t.message?(1e3<(r=parseInt(t.value,10))?r=1e3:~~r<200&&(r=200),s.height=r):\"link\"===t.message&&(r=new URL(s.getAttribute(\"src\")),n=new URL(t.value),c.test(n.protocol))&&n.host===r.host&&l.activeElement===s&&(d.top.location.href=t.value))}},d.addEventListener(\"message\",d.wp.receiveEmbedMessage,!1),l.addEventListener(\"DOMContentLoaded\",function(){for(var e,t,s=l.querySelectorAll(\"iframe.wp-embedded-content\"),r=0;r<s.length;r++)(t=(e=s[r]).getAttribute(\"data-secret\"))||(t=Math.random().toString(36).substring(2,12),e.src+=\"#?secret=\"+t,e.setAttribute(\"data-secret\",t)),e.contentWindow.postMessage({message:\"ready\",secret:t},\"*\")},!1)))}(window,document);\n\/\/# sourceURL=https:\/\/forfattarforbundet.se\/wp\/wp-includes\/js\/wp-embed.min.js\n\/* ]]> *\/\n<\/script>\n","description":"Manifestation f\u00f6r Ukraina onsdag 8 november klockan 12.30\u201313.00 p\u00e5 Fria Ukrainas plats, Gj\u00f6rwellsgatan, Marieberg i Stockholm. (Buss 1, 56 och 91 stannar vid h\u00e5llplatsen Fria Ukrainas plats.) Samling sker klockan 12.15 och manifestationen startar klockan 12.30. Den inleds av en s\u00e5ngare klockan 12.30 och med Katarina Berggren, Kommunal, som moderator. Talen b\u00f6rjar klockan 12.30. Talarordning:...","thumbnail_url":"https:\/\/forfattarforbundet.se\/app\/uploads\/2022\/02\/flagga-ukraina-150x150.jpg"}