{"version":"1.0","provider_name":"F\u00f6rfattarf\u00f6rbundet","provider_url":"https:\/\/forfattarforbundet.se","author_name":"Ludvig Berggren","author_url":"https:\/\/forfattarforbundet.se\/author\/ludvig-berggren\/","title":"Klimatkv\u00e4ll p\u00e5 F\u00f6rfattarf\u00f6rbundet - F\u00f6rfattarf\u00f6rbundet","type":"rich","width":600,"height":338,"html":"<blockquote class=\"wp-embedded-content\" data-secret=\"rBnQMV1n1Q\"><a href=\"https:\/\/forfattarforbundet.se\/kalendarium\/kalenderhandelse\/klimatkvall-pa-forfattarforbundet\/\">Klimatkv\u00e4ll p\u00e5 F\u00f6rfattarf\u00f6rbundet<\/a><\/blockquote><iframe sandbox=\"allow-scripts\" security=\"restricted\" src=\"https:\/\/forfattarforbundet.se\/kalendarium\/kalenderhandelse\/klimatkvall-pa-forfattarforbundet\/embed\/#?secret=rBnQMV1n1Q\" width=\"600\" height=\"338\" title=\"\u201dKlimatkv\u00e4ll p\u00e5 F\u00f6rfattarf\u00f6rbundet\u201d &ndash; F\u00f6rfattarf\u00f6rbundet\" data-secret=\"rBnQMV1n1Q\" frameborder=\"0\" marginwidth=\"0\" marginheight=\"0\" scrolling=\"no\" class=\"wp-embedded-content\"><\/iframe><script type=\"text\/javascript\">\n\/* <![CDATA[ *\/\n\/*! This file is auto-generated *\/\n!function(d,l){\"use strict\";l.querySelector&&d.addEventListener&&\"undefined\"!=typeof URL&&(d.wp=d.wp||{},d.wp.receiveEmbedMessage||(d.wp.receiveEmbedMessage=function(e){var t=e.data;if((t||t.secret||t.message||t.value)&&!\/[^a-zA-Z0-9]\/.test(t.secret)){for(var s,r,n,a=l.querySelectorAll('iframe[data-secret=\"'+t.secret+'\"]'),o=l.querySelectorAll('blockquote[data-secret=\"'+t.secret+'\"]'),c=new RegExp(\"^https?:$\",\"i\"),i=0;i<o.length;i++)o[i].style.display=\"none\";for(i=0;i<a.length;i++)s=a[i],e.source===s.contentWindow&&(s.removeAttribute(\"style\"),\"height\"===t.message?(1e3<(r=parseInt(t.value,10))?r=1e3:~~r<200&&(r=200),s.height=r):\"link\"===t.message&&(r=new URL(s.getAttribute(\"src\")),n=new URL(t.value),c.test(n.protocol))&&n.host===r.host&&l.activeElement===s&&(d.top.location.href=t.value))}},d.addEventListener(\"message\",d.wp.receiveEmbedMessage,!1),l.addEventListener(\"DOMContentLoaded\",function(){for(var e,t,s=l.querySelectorAll(\"iframe.wp-embedded-content\"),r=0;r<s.length;r++)(t=(e=s[r]).getAttribute(\"data-secret\"))||(t=Math.random().toString(36).substring(2,12),e.src+=\"#?secret=\"+t,e.setAttribute(\"data-secret\",t)),e.contentWindow.postMessage({message:\"ready\",secret:t},\"*\")},!1)))}(window,document);\n\/\/# sourceURL=https:\/\/forfattarforbundet.se\/wp\/wp-includes\/js\/wp-embed.min.js\n\/* ]]> *\/\n<\/script>\n","description":"V\u00e4lkommen att diskutera skogs- och klimatfr\u00e5gor med experter och kollegor i f\u00f6rfattarf\u00f6rbundet. Vad \u00e4r det som h\u00e4nder egentligen? Vad \u00e4r v\u00e5r roll som f\u00f6rfattare och \u00f6vers\u00e4ttare? Vad kan vi g\u00f6ra f\u00f6r att p\u00e5verka v\u00e5r bransch? Har vi ett s\u00e4rskilt ansvar att p\u00e5verka andra, politiken och samh\u00e4llsutvecklingen? F\u00f6rfattarf\u00f6rbundet bjuder in experter p\u00e5 omr\u00e5det till ett samtal..."}