{"version":"1.0","provider_name":"F\u00f6rfattarf\u00f6rbundet","provider_url":"https:\/\/forfattarforbundet.se","author_name":"\u00c5sa Nordlinder","author_url":"https:\/\/forfattarforbundet.se\/author\/nordlinder\/","title":"I d\u00f6da f\u00f6rfattares s\u00e4llskap - F\u00f6rfattarf\u00f6rbundet","type":"rich","width":600,"height":338,"html":"<blockquote class=\"wp-embedded-content\" data-secret=\"X2Z0lsEgpE\"><a href=\"https:\/\/forfattarforbundet.se\/kalendarium\/kalenderhandelse\/i-doda-forfattares-sallskap\/\">I d\u00f6da f\u00f6rfattares s\u00e4llskap<\/a><\/blockquote><iframe sandbox=\"allow-scripts\" security=\"restricted\" src=\"https:\/\/forfattarforbundet.se\/kalendarium\/kalenderhandelse\/i-doda-forfattares-sallskap\/embed\/#?secret=X2Z0lsEgpE\" width=\"600\" height=\"338\" title=\"\u201dI d\u00f6da f\u00f6rfattares s\u00e4llskap\u201d &ndash; F\u00f6rfattarf\u00f6rbundet\" data-secret=\"X2Z0lsEgpE\" frameborder=\"0\" marginwidth=\"0\" marginheight=\"0\" scrolling=\"no\" class=\"wp-embedded-content\"><\/iframe><script type=\"text\/javascript\">\n\/* <![CDATA[ *\/\n\/*! This file is auto-generated *\/\n!function(d,l){\"use strict\";l.querySelector&&d.addEventListener&&\"undefined\"!=typeof URL&&(d.wp=d.wp||{},d.wp.receiveEmbedMessage||(d.wp.receiveEmbedMessage=function(e){var t=e.data;if((t||t.secret||t.message||t.value)&&!\/[^a-zA-Z0-9]\/.test(t.secret)){for(var s,r,n,a=l.querySelectorAll('iframe[data-secret=\"'+t.secret+'\"]'),o=l.querySelectorAll('blockquote[data-secret=\"'+t.secret+'\"]'),c=new RegExp(\"^https?:$\",\"i\"),i=0;i<o.length;i++)o[i].style.display=\"none\";for(i=0;i<a.length;i++)s=a[i],e.source===s.contentWindow&&(s.removeAttribute(\"style\"),\"height\"===t.message?(1e3<(r=parseInt(t.value,10))?r=1e3:~~r<200&&(r=200),s.height=r):\"link\"===t.message&&(r=new URL(s.getAttribute(\"src\")),n=new URL(t.value),c.test(n.protocol))&&n.host===r.host&&l.activeElement===s&&(d.top.location.href=t.value))}},d.addEventListener(\"message\",d.wp.receiveEmbedMessage,!1),l.addEventListener(\"DOMContentLoaded\",function(){for(var e,t,s=l.querySelectorAll(\"iframe.wp-embedded-content\"),r=0;r<s.length;r++)(t=(e=s[r]).getAttribute(\"data-secret\"))||(t=Math.random().toString(36).substring(2,12),e.src+=\"#?secret=\"+t,e.setAttribute(\"data-secret\",t)),e.contentWindow.postMessage({message:\"ready\",secret:t},\"*\")},!1)))}(window,document);\n\/\/# sourceURL=https:\/\/forfattarforbundet.se\/wp\/wp-includes\/js\/wp-embed.min.js\n\/* ]]> *\/\n<\/script>\n","description":"Hur kan man hitta skaparkraft och tr\u00f6st hos de d\u00f6da? Ett samtal om att g\u00e5 i dialog med f\u00f6rfattare och konstn\u00e4rer som g\u00e5tt ur tiden. Och kan en anonym, d\u00f6d f\u00f6rfattare ta plats p\u00e5 analyssoffan? F\u00f6rfattaren Anna J\u00f6rgensdotter och poeten UKON (Ulf Karl Olov Nilsson). Moderator: Selene Hellstr\u00f6m. Litteraturscenen, A01:60 \u2013 f\u00f6rfattarnas och \u00f6vers\u00e4ttarnas scen."}