{"version":"1.0","provider_name":"F\u00f6rfattarf\u00f6rbundet","provider_url":"https:\/\/forfattarforbundet.se","author_name":"\u00c5sa Nordlinder","author_url":"https:\/\/forfattarforbundet.se\/author\/nordlinder\/","title":"F\u00f6rfattarbes\u00f6k i skolan \u2013 en r\u00e4ttighet? - F\u00f6rfattarf\u00f6rbundet","type":"rich","width":600,"height":338,"html":"<blockquote class=\"wp-embedded-content\" data-secret=\"MrSWEkJtcK\"><a href=\"https:\/\/forfattarforbundet.se\/kalendarium\/kalenderhandelse\/forfattarbesok-i-skolan-en-rattighet\/\">F\u00f6rfattarbes\u00f6k i skolan \u2013 en r\u00e4ttighet?<\/a><\/blockquote><iframe sandbox=\"allow-scripts\" security=\"restricted\" src=\"https:\/\/forfattarforbundet.se\/kalendarium\/kalenderhandelse\/forfattarbesok-i-skolan-en-rattighet\/embed\/#?secret=MrSWEkJtcK\" width=\"600\" height=\"338\" title=\"\u201dF\u00f6rfattarbes\u00f6k i skolan \u2013 en r\u00e4ttighet?\u201d &ndash; F\u00f6rfattarf\u00f6rbundet\" data-secret=\"MrSWEkJtcK\" frameborder=\"0\" marginwidth=\"0\" marginheight=\"0\" scrolling=\"no\" class=\"wp-embedded-content\"><\/iframe><script type=\"text\/javascript\">\n\/* <![CDATA[ *\/\n\/*! This file is auto-generated *\/\n!function(d,l){\"use strict\";l.querySelector&&d.addEventListener&&\"undefined\"!=typeof URL&&(d.wp=d.wp||{},d.wp.receiveEmbedMessage||(d.wp.receiveEmbedMessage=function(e){var t=e.data;if((t||t.secret||t.message||t.value)&&!\/[^a-zA-Z0-9]\/.test(t.secret)){for(var s,r,n,a=l.querySelectorAll('iframe[data-secret=\"'+t.secret+'\"]'),o=l.querySelectorAll('blockquote[data-secret=\"'+t.secret+'\"]'),c=new RegExp(\"^https?:$\",\"i\"),i=0;i<o.length;i++)o[i].style.display=\"none\";for(i=0;i<a.length;i++)s=a[i],e.source===s.contentWindow&&(s.removeAttribute(\"style\"),\"height\"===t.message?(1e3<(r=parseInt(t.value,10))?r=1e3:~~r<200&&(r=200),s.height=r):\"link\"===t.message&&(r=new URL(s.getAttribute(\"src\")),n=new URL(t.value),c.test(n.protocol))&&n.host===r.host&&l.activeElement===s&&(d.top.location.href=t.value))}},d.addEventListener(\"message\",d.wp.receiveEmbedMessage,!1),l.addEventListener(\"DOMContentLoaded\",function(){for(var e,t,s=l.querySelectorAll(\"iframe.wp-embedded-content\"),r=0;r<s.length;r++)(t=(e=s[r]).getAttribute(\"data-secret\"))||(t=Math.random().toString(36).substring(2,12),e.src+=\"#?secret=\"+t,e.setAttribute(\"data-secret\",t)),e.contentWindow.postMessage({message:\"ready\",secret:t},\"*\")},!1)))}(window,document);\n\/\/# sourceURL=https:\/\/forfattarforbundet.se\/wp\/wp-includes\/js\/wp-embed.min.js\n\/* ]]> *\/\n<\/script>\n","description":"Vissa skolor har flera f\u00f6rfattarbes\u00f6k per \u00e5r, andra har aldrig haft en f\u00f6rfattare p\u00e5 plats. Varf\u00f6r ser det s\u00e5 olika ut, och hur kan vi g\u00f6ra det mer r\u00e4ttvist och j\u00e4mlikt f\u00f6r eleverna? Andreas Palmaer, barnboksf\u00f6rfattare och ordf\u00f6rande i F\u00f6rfattarcentrum \u00d6st, och Ingela Korsell, barnboksf\u00f6rfattare och ledamot i L\u00e4sr\u00e5det, i samtal med Maria Fagerberg, andre..."}