{"version":"1.0","provider_name":"F\u00f6rfattarf\u00f6rbundet","provider_url":"https:\/\/forfattarforbundet.se","author_name":"Ludvig Berggren","author_url":"https:\/\/forfattarforbundet.se\/author\/ludvig-berggren\/","title":"En fackbok \u2013 en f\u00f6rfattare: P\u00c4R HOLMGREN - F\u00f6rfattarf\u00f6rbundet","type":"rich","width":600,"height":338,"html":"<blockquote class=\"wp-embedded-content\" data-secret=\"YcJse3IJ55\"><a href=\"https:\/\/forfattarforbundet.se\/kalendarium\/kalenderhandelse\/en-fackbok-en-forfattare-par-holmgren\/\">En fackbok \u2013 en f\u00f6rfattare: P\u00c4R HOLMGREN<\/a><\/blockquote><iframe sandbox=\"allow-scripts\" security=\"restricted\" src=\"https:\/\/forfattarforbundet.se\/kalendarium\/kalenderhandelse\/en-fackbok-en-forfattare-par-holmgren\/embed\/#?secret=YcJse3IJ55\" width=\"600\" height=\"338\" title=\"\u201dEn fackbok \u2013 en f\u00f6rfattare: P\u00c4R HOLMGREN\u201d &ndash; F\u00f6rfattarf\u00f6rbundet\" data-secret=\"YcJse3IJ55\" frameborder=\"0\" marginwidth=\"0\" marginheight=\"0\" scrolling=\"no\" class=\"wp-embedded-content\"><\/iframe><script type=\"text\/javascript\">\n\/* <![CDATA[ *\/\n\/*! This file is auto-generated *\/\n!function(d,l){\"use strict\";l.querySelector&&d.addEventListener&&\"undefined\"!=typeof URL&&(d.wp=d.wp||{},d.wp.receiveEmbedMessage||(d.wp.receiveEmbedMessage=function(e){var t=e.data;if((t||t.secret||t.message||t.value)&&!\/[^a-zA-Z0-9]\/.test(t.secret)){for(var s,r,n,a=l.querySelectorAll('iframe[data-secret=\"'+t.secret+'\"]'),o=l.querySelectorAll('blockquote[data-secret=\"'+t.secret+'\"]'),c=new RegExp(\"^https?:$\",\"i\"),i=0;i<o.length;i++)o[i].style.display=\"none\";for(i=0;i<a.length;i++)s=a[i],e.source===s.contentWindow&&(s.removeAttribute(\"style\"),\"height\"===t.message?(1e3<(r=parseInt(t.value,10))?r=1e3:~~r<200&&(r=200),s.height=r):\"link\"===t.message&&(r=new URL(s.getAttribute(\"src\")),n=new URL(t.value),c.test(n.protocol))&&n.host===r.host&&l.activeElement===s&&(d.top.location.href=t.value))}},d.addEventListener(\"message\",d.wp.receiveEmbedMessage,!1),l.addEventListener(\"DOMContentLoaded\",function(){for(var e,t,s=l.querySelectorAll(\"iframe.wp-embedded-content\"),r=0;r<s.length;r++)(t=(e=s[r]).getAttribute(\"data-secret\"))||(t=Math.random().toString(36).substring(2,12),e.src+=\"#?secret=\"+t,e.setAttribute(\"data-secret\",t)),e.contentWindow.postMessage({message:\"ready\",secret:t},\"*\")},!1)))}(window,document);\n\/\/# sourceURL=https:\/\/forfattarforbundet.se\/wp\/wp-includes\/js\/wp-embed.min.js\n\/* ]]> *\/\n<\/script>\n","description":"Det minsta vi kan g\u00f6ra \u00e4r s\u00e5 mycket som m\u00f6jligt och lite till \u00e4r en fackbok av P\u00e4r Holmgren om klimatf\u00f6r\u00e4ndringarna och vad vi beh\u00f6ver g\u00f6ra f\u00f6r att st\u00e4lla om samh\u00e4llet, inte minst i Sverige. P\u00e4r Holmgren \u00e4r hedersdoktor i meteorologi vid Uppsala universitet och har arbetat med klimatfr\u00e5gan sedan 1990-talet, f\u00f6rst som tv-meteorolog, f\u00f6rfattare..."}