{"version":"1.0","provider_name":"F\u00f6rfattarf\u00f6rbundet","provider_url":"https:\/\/forfattarforbundet.se","author_name":"\u00c5sa Nordlinder","author_url":"https:\/\/forfattarforbundet.se\/author\/nordlinder\/","title":"BULT:s \u00e5rsm\u00f6te - F\u00f6rfattarf\u00f6rbundet","type":"rich","width":600,"height":338,"html":"<blockquote class=\"wp-embedded-content\" data-secret=\"m9Oe2sMXFS\"><a href=\"https:\/\/forfattarforbundet.se\/kalendarium\/kalenderhandelse\/bults-arsmote-4\/\">BULT:s \u00e5rsm\u00f6te<\/a><\/blockquote><iframe sandbox=\"allow-scripts\" security=\"restricted\" src=\"https:\/\/forfattarforbundet.se\/kalendarium\/kalenderhandelse\/bults-arsmote-4\/embed\/#?secret=m9Oe2sMXFS\" width=\"600\" height=\"338\" title=\"\u201dBULT:s \u00e5rsm\u00f6te\u201d &ndash; F\u00f6rfattarf\u00f6rbundet\" data-secret=\"m9Oe2sMXFS\" frameborder=\"0\" marginwidth=\"0\" marginheight=\"0\" scrolling=\"no\" class=\"wp-embedded-content\"><\/iframe><script type=\"text\/javascript\">\n\/* <![CDATA[ *\/\n\/*! This file is auto-generated *\/\n!function(d,l){\"use strict\";l.querySelector&&d.addEventListener&&\"undefined\"!=typeof URL&&(d.wp=d.wp||{},d.wp.receiveEmbedMessage||(d.wp.receiveEmbedMessage=function(e){var t=e.data;if((t||t.secret||t.message||t.value)&&!\/[^a-zA-Z0-9]\/.test(t.secret)){for(var s,r,n,a=l.querySelectorAll('iframe[data-secret=\"'+t.secret+'\"]'),o=l.querySelectorAll('blockquote[data-secret=\"'+t.secret+'\"]'),c=new RegExp(\"^https?:$\",\"i\"),i=0;i<o.length;i++)o[i].style.display=\"none\";for(i=0;i<a.length;i++)s=a[i],e.source===s.contentWindow&&(s.removeAttribute(\"style\"),\"height\"===t.message?(1e3<(r=parseInt(t.value,10))?r=1e3:~~r<200&&(r=200),s.height=r):\"link\"===t.message&&(r=new URL(s.getAttribute(\"src\")),n=new URL(t.value),c.test(n.protocol))&&n.host===r.host&&l.activeElement===s&&(d.top.location.href=t.value))}},d.addEventListener(\"message\",d.wp.receiveEmbedMessage,!1),l.addEventListener(\"DOMContentLoaded\",function(){for(var e,t,s=l.querySelectorAll(\"iframe.wp-embedded-content\"),r=0;r<s.length;r++)(t=(e=s[r]).getAttribute(\"data-secret\"))||(t=Math.random().toString(36).substring(2,12),e.src+=\"#?secret=\"+t,e.setAttribute(\"data-secret\",t)),e.contentWindow.postMessage({message:\"ready\",secret:t},\"*\")},!1)))}(window,document);\n\/\/# sourceURL=https:\/\/forfattarforbundet.se\/wp\/wp-includes\/js\/wp-embed.min.js\n\/* ]]> *\/\n<\/script>\n","description":"F\u00f6rutom de formella \u00e5rsm\u00f6tespunkterna kommer J\u00f6rgen Gassilewski fr\u00e5n f\u00f6rbundsstyrelsen att ber\u00e4tta om \u00e5ret som varit och \u00e5ret som v\u00e4ntar. Eva Staaf \u00e4r inbjuden f\u00f6r att prata om radiodramatik f\u00f6r barn. \u00c5rsm\u00f6teshandlingar har mejlats till BULT-medlemmarna, men finns ocks\u00e5 p\u00e5 plats vid m\u00f6tet. F\u00f6r anm\u00e4lan till m\u00f6tet och ans\u00f6kan om resebidrag, mejla Susanne Steneros."}