{"version":"1.0","provider_name":"F\u00f6rfattarf\u00f6rbundet","provider_url":"https:\/\/forfattarforbundet.se","author_name":"\u00c5sa Nordlinder","author_url":"https:\/\/forfattarforbundet.se\/author\/nordlinder\/","title":"Bokar och b\u00f6cker, papper och blad - F\u00f6rfattarf\u00f6rbundet","type":"rich","width":600,"height":338,"html":"<blockquote class=\"wp-embedded-content\" data-secret=\"pieTEBCJvO\"><a href=\"https:\/\/forfattarforbundet.se\/kalendarium\/kalenderhandelse\/bokar-och-bocker-papper-och-blad\/\">Bokar och b\u00f6cker, papper och blad<\/a><\/blockquote><iframe sandbox=\"allow-scripts\" security=\"restricted\" src=\"https:\/\/forfattarforbundet.se\/kalendarium\/kalenderhandelse\/bokar-och-bocker-papper-och-blad\/embed\/#?secret=pieTEBCJvO\" width=\"600\" height=\"338\" title=\"\u201dBokar och b\u00f6cker, papper och blad\u201d &ndash; F\u00f6rfattarf\u00f6rbundet\" data-secret=\"pieTEBCJvO\" frameborder=\"0\" marginwidth=\"0\" marginheight=\"0\" scrolling=\"no\" class=\"wp-embedded-content\"><\/iframe><script type=\"text\/javascript\">\n\/* <![CDATA[ *\/\n\/*! This file is auto-generated *\/\n!function(d,l){\"use strict\";l.querySelector&&d.addEventListener&&\"undefined\"!=typeof URL&&(d.wp=d.wp||{},d.wp.receiveEmbedMessage||(d.wp.receiveEmbedMessage=function(e){var t=e.data;if((t||t.secret||t.message||t.value)&&!\/[^a-zA-Z0-9]\/.test(t.secret)){for(var s,r,n,a=l.querySelectorAll('iframe[data-secret=\"'+t.secret+'\"]'),o=l.querySelectorAll('blockquote[data-secret=\"'+t.secret+'\"]'),c=new RegExp(\"^https?:$\",\"i\"),i=0;i<o.length;i++)o[i].style.display=\"none\";for(i=0;i<a.length;i++)s=a[i],e.source===s.contentWindow&&(s.removeAttribute(\"style\"),\"height\"===t.message?(1e3<(r=parseInt(t.value,10))?r=1e3:~~r<200&&(r=200),s.height=r):\"link\"===t.message&&(r=new URL(s.getAttribute(\"src\")),n=new URL(t.value),c.test(n.protocol))&&n.host===r.host&&l.activeElement===s&&(d.top.location.href=t.value))}},d.addEventListener(\"message\",d.wp.receiveEmbedMessage,!1),l.addEventListener(\"DOMContentLoaded\",function(){for(var e,t,s=l.querySelectorAll(\"iframe.wp-embedded-content\"),r=0;r<s.length;r++)(t=(e=s[r]).getAttribute(\"data-secret\"))||(t=Math.random().toString(36).substring(2,12),e.src+=\"#?secret=\"+t,e.setAttribute(\"data-secret\",t)),e.contentWindow.postMessage({message:\"ready\",secret:t},\"*\")},!1)))}(window,document);\n\/\/# sourceURL=https:\/\/forfattarforbundet.se\/wp\/wp-includes\/js\/wp-embed.min.js\n\/* ]]> *\/\n<\/script>\n","description":"Hur framst\u00e4lls pappret i v\u00e5ra b\u00f6cker? Vilken typ av skogsbruk \u00e4r b\u00e4st f\u00f6r klimat och biologisk m\u00e5ngfald? Kan vi lita p\u00e5 milj\u00f6m\u00e4rkningarna eller \u00e4r det b\u00e4ttre att l\u00e4sa digitalt? Ola Engelmark, \u00a0skogsekolog, forskare och f\u00f6rfattare, i samtal med Eva-Lotta Hult\u00e9n om tillst\u00e5ndet i den svenska skogen. Litteraturscenen, A01:60 \u2013 f\u00f6rfattarnas och \u00f6vers\u00e4ttarnas scen."}