{"version":"1.0","provider_name":"F\u00f6rfattarf\u00f6rbundet","provider_url":"https:\/\/forfattarforbundet.se","author_name":"Annie Norin","author_url":"https:\/\/forfattarforbundet.se\/author\/annie-norin\/","title":"\u00c5rsm\u00f6te i Minerva - F\u00f6rfattarf\u00f6rbundet","type":"rich","width":600,"height":338,"html":"<blockquote class=\"wp-embedded-content\" data-secret=\"uo7KdPEcAf\"><a href=\"https:\/\/forfattarforbundet.se\/kalendarium\/kalenderhandelse\/arsmote-i-minerva\/\">\u00c5rsm\u00f6te i Minerva<\/a><\/blockquote><iframe sandbox=\"allow-scripts\" security=\"restricted\" src=\"https:\/\/forfattarforbundet.se\/kalendarium\/kalenderhandelse\/arsmote-i-minerva\/embed\/#?secret=uo7KdPEcAf\" width=\"600\" height=\"338\" title=\"\u201d\u00c5rsm\u00f6te i Minerva\u201d &ndash; F\u00f6rfattarf\u00f6rbundet\" data-secret=\"uo7KdPEcAf\" frameborder=\"0\" marginwidth=\"0\" marginheight=\"0\" scrolling=\"no\" class=\"wp-embedded-content\"><\/iframe><script type=\"text\/javascript\">\n\/* <![CDATA[ *\/\n\/*! This file is auto-generated *\/\n!function(d,l){\"use strict\";l.querySelector&&d.addEventListener&&\"undefined\"!=typeof URL&&(d.wp=d.wp||{},d.wp.receiveEmbedMessage||(d.wp.receiveEmbedMessage=function(e){var t=e.data;if((t||t.secret||t.message||t.value)&&!\/[^a-zA-Z0-9]\/.test(t.secret)){for(var s,r,n,a=l.querySelectorAll('iframe[data-secret=\"'+t.secret+'\"]'),o=l.querySelectorAll('blockquote[data-secret=\"'+t.secret+'\"]'),c=new RegExp(\"^https?:$\",\"i\"),i=0;i<o.length;i++)o[i].style.display=\"none\";for(i=0;i<a.length;i++)s=a[i],e.source===s.contentWindow&&(s.removeAttribute(\"style\"),\"height\"===t.message?(1e3<(r=parseInt(t.value,10))?r=1e3:~~r<200&&(r=200),s.height=r):\"link\"===t.message&&(r=new URL(s.getAttribute(\"src\")),n=new URL(t.value),c.test(n.protocol))&&n.host===r.host&&l.activeElement===s&&(d.top.location.href=t.value))}},d.addEventListener(\"message\",d.wp.receiveEmbedMessage,!1),l.addEventListener(\"DOMContentLoaded\",function(){for(var e,t,s=l.querySelectorAll(\"iframe.wp-embedded-content\"),r=0;r<s.length;r++)(t=(e=s[r]).getAttribute(\"data-secret\"))||(t=Math.random().toString(36).substring(2,12),e.src+=\"#?secret=\"+t,e.setAttribute(\"data-secret\",t)),e.contentWindow.postMessage({message:\"ready\",secret:t},\"*\")},!1)))}(window,document);\n\/\/# sourceURL=https:\/\/forfattarforbundet.se\/wp\/wp-includes\/js\/wp-embed.min.js\n\/* ]]> *\/\n<\/script>\n","description":"V\u00e4lkommen till \u00e5rsm\u00f6te i Minerva p\u00e5 F\u00f6rfattarnas och \u00f6vers\u00e4ttarnas hus. Mingel fr\u00e5n 17.30, \u00e5rsm\u00f6tet b\u00f6rjar 18.00. Efter \u00e5rsm\u00f6tets slut kommer tre personer ur Minervas styrelse att h\u00e5lla ett samtal om sociala medier och hur vi kan f\u00f6rh\u00e5lla oss till dem. Anm\u00e4l dig via l\u00e4nk i medlemsutskick den 23 januari. &nbsp;"}