{"version":"1.0","provider_name":"F\u00f6rfattarf\u00f6rbundet","provider_url":"https:\/\/forfattarforbundet.se","author_name":"Annie Norin","author_url":"https:\/\/forfattarforbundet.se\/author\/annie-norin\/","title":"AI, konsten och det mellanm\u00e4nskliga - F\u00f6rfattarf\u00f6rbundet","type":"rich","width":600,"height":338,"html":"<blockquote class=\"wp-embedded-content\" data-secret=\"h8V78ESl5U\"><a href=\"https:\/\/forfattarforbundet.se\/kalendarium\/kalenderhandelse\/15496\/\">AI, konsten och det mellanm\u00e4nskliga<\/a><\/blockquote><iframe sandbox=\"allow-scripts\" security=\"restricted\" src=\"https:\/\/forfattarforbundet.se\/kalendarium\/kalenderhandelse\/15496\/embed\/#?secret=h8V78ESl5U\" width=\"600\" height=\"338\" title=\"\u201dAI, konsten och det mellanm\u00e4nskliga\u201d &ndash; F\u00f6rfattarf\u00f6rbundet\" data-secret=\"h8V78ESl5U\" frameborder=\"0\" marginwidth=\"0\" marginheight=\"0\" scrolling=\"no\" class=\"wp-embedded-content\"><\/iframe><script type=\"text\/javascript\">\n\/* <![CDATA[ *\/\n\/*! This file is auto-generated *\/\n!function(d,l){\"use strict\";l.querySelector&&d.addEventListener&&\"undefined\"!=typeof URL&&(d.wp=d.wp||{},d.wp.receiveEmbedMessage||(d.wp.receiveEmbedMessage=function(e){var t=e.data;if((t||t.secret||t.message||t.value)&&!\/[^a-zA-Z0-9]\/.test(t.secret)){for(var s,r,n,a=l.querySelectorAll('iframe[data-secret=\"'+t.secret+'\"]'),o=l.querySelectorAll('blockquote[data-secret=\"'+t.secret+'\"]'),c=new RegExp(\"^https?:$\",\"i\"),i=0;i<o.length;i++)o[i].style.display=\"none\";for(i=0;i<a.length;i++)s=a[i],e.source===s.contentWindow&&(s.removeAttribute(\"style\"),\"height\"===t.message?(1e3<(r=parseInt(t.value,10))?r=1e3:~~r<200&&(r=200),s.height=r):\"link\"===t.message&&(r=new URL(s.getAttribute(\"src\")),n=new URL(t.value),c.test(n.protocol))&&n.host===r.host&&l.activeElement===s&&(d.top.location.href=t.value))}},d.addEventListener(\"message\",d.wp.receiveEmbedMessage,!1),l.addEventListener(\"DOMContentLoaded\",function(){for(var e,t,s=l.querySelectorAll(\"iframe.wp-embedded-content\"),r=0;r<s.length;r++)(t=(e=s[r]).getAttribute(\"data-secret\"))||(t=Math.random().toString(36).substring(2,12),e.src+=\"#?secret=\"+t,e.setAttribute(\"data-secret\",t)),e.contentWindow.postMessage({message:\"ready\",secret:t},\"*\")},!1)))}(window,document);\n\/\/# sourceURL=https:\/\/forfattarforbundet.se\/wp\/wp-includes\/js\/wp-embed.min.js\n\/* ]]> *\/\n<\/script>\n","description":"&nbsp; Vi blir angripna av marknaden fr\u00e5n alla h\u00e5ll. Det finns pengar f\u00f6r nystartade f\u00f6retag att tj\u00e4na p\u00e5 konsten, ber\u00e4ttelsen, boken. Vi utmanas att hitta argument mot att AI ska skriva, \u00f6vers\u00e4tta och illustrera b\u00f6cker. Men varf\u00f6r har vi konstn\u00e4rliga uttryck \u00f6verhuvudtaget? Vad vill konsten s\u00e4ga och vad vill vi s\u00e4ga varandra genom konsten? Om...","thumbnail_url":"https:\/\/forfattarforbundet.se\/app\/uploads\/2025\/03\/Namnlos-2025-03-04T095041.683-500x234.png"}