{"version":"1.0","provider_name":"F\u00f6rfattarf\u00f6rbundet","provider_url":"https:\/\/forfattarforbundet.se","author_name":"\u00c5sa Nordlinder","author_url":"https:\/\/forfattarforbundet.se\/author\/nordlinder\/","title":"\"Inte okej att \u00f6vers\u00e4ttarna st\u00e4lls emot varandra\" - F\u00f6rfattarf\u00f6rbundet","type":"rich","width":600,"height":338,"html":"<blockquote class=\"wp-embedded-content\" data-secret=\"1Ojo3lbv7h\"><a href=\"https:\/\/forfattarforbundet.se\/inte-okej-att-oversattarna-stalls-emot-varandra\/\">&#8221;Inte okej att \u00f6vers\u00e4ttarna st\u00e4lls emot varandra&#8221;<\/a><\/blockquote><iframe sandbox=\"allow-scripts\" security=\"restricted\" src=\"https:\/\/forfattarforbundet.se\/inte-okej-att-oversattarna-stalls-emot-varandra\/embed\/#?secret=1Ojo3lbv7h\" width=\"600\" height=\"338\" title=\"\u201d&#8221;Inte okej att \u00f6vers\u00e4ttarna st\u00e4lls emot varandra&#8221;\u201d &ndash; F\u00f6rfattarf\u00f6rbundet\" data-secret=\"1Ojo3lbv7h\" frameborder=\"0\" marginwidth=\"0\" marginheight=\"0\" scrolling=\"no\" class=\"wp-embedded-content\"><\/iframe><script type=\"text\/javascript\">\n\/* <![CDATA[ *\/\n\/*! This file is auto-generated *\/\n!function(d,l){\"use strict\";l.querySelector&&d.addEventListener&&\"undefined\"!=typeof URL&&(d.wp=d.wp||{},d.wp.receiveEmbedMessage||(d.wp.receiveEmbedMessage=function(e){var t=e.data;if((t||t.secret||t.message||t.value)&&!\/[^a-zA-Z0-9]\/.test(t.secret)){for(var s,r,n,a=l.querySelectorAll('iframe[data-secret=\"'+t.secret+'\"]'),o=l.querySelectorAll('blockquote[data-secret=\"'+t.secret+'\"]'),c=new RegExp(\"^https?:$\",\"i\"),i=0;i<o.length;i++)o[i].style.display=\"none\";for(i=0;i<a.length;i++)s=a[i],e.source===s.contentWindow&&(s.removeAttribute(\"style\"),\"height\"===t.message?(1e3<(r=parseInt(t.value,10))?r=1e3:~~r<200&&(r=200),s.height=r):\"link\"===t.message&&(r=new URL(s.getAttribute(\"src\")),n=new URL(t.value),c.test(n.protocol))&&n.host===r.host&&l.activeElement===s&&(d.top.location.href=t.value))}},d.addEventListener(\"message\",d.wp.receiveEmbedMessage,!1),l.addEventListener(\"DOMContentLoaded\",function(){for(var e,t,s=l.querySelectorAll(\"iframe.wp-embedded-content\"),r=0;r<s.length;r++)(t=(e=s[r]).getAttribute(\"data-secret\"))||(t=Math.random().toString(36).substring(2,12),e.src+=\"#?secret=\"+t,e.setAttribute(\"data-secret\",t)),e.contentWindow.postMessage({message:\"ready\",secret:t},\"*\")},!1)))}(window,document);\n\/\/# sourceURL=https:\/\/forfattarforbundet.se\/wp\/wp-includes\/js\/wp-embed.min.js\n\/* ]]> *\/\n<\/script>\n","thumbnail_url":"https:\/\/forfattarforbundet.se\/app\/uploads\/2024\/10\/AnjaGatu_foto_Robert_Blomback_besk-scaled.jpg","thumbnail_width":2311,"thumbnail_height":2560,"description":"Bokf\u00f6rlaget Nona har fr\u00e5gat sina \u00f6vers\u00e4ttare om de kan t\u00e4nka sig att s\u00e4nka den avtalade ers\u00e4ttningen f\u00f6r pocketutgivning. \"Fr\u00e5gan \u00e4r f\u00f6rst\u00e5s fri att st\u00e4lla, men beklagligt nog st\u00e4ller den \u00f6vers\u00e4ttarna mot varandra\", s\u00e4ger F\u00f6rfattarf\u00f6rbundets ordf\u00f6rande Anja Gatu till Svensk Bokhandel."}