{"version":"1.0","provider_name":"F\u00f6rfattarf\u00f6rbundet","provider_url":"https:\/\/forfattarforbundet.se","author_name":"Vesna Prekopic","author_url":"https:\/\/forfattarforbundet.se\/author\/vesnaprekopic\/","title":"Kampanjstart f\u00f6r \u201dRusta biblioteken f\u00f6r det demokratiska uppdraget\u201d - F\u00f6rfattarf\u00f6rbundet","type":"rich","width":600,"height":338,"html":"<blockquote class=\"wp-embedded-content\" data-secret=\"KBDPjphcLY\"><a href=\"https:\/\/forfattarforbundet.se\/idag-inleds-rusta-biblioteken-for-det-demokratiska-uppdraget\/\">Kampanjstart f\u00f6r \u201dRusta biblioteken f\u00f6r det demokratiska uppdraget\u201d<\/a><\/blockquote><iframe sandbox=\"allow-scripts\" security=\"restricted\" src=\"https:\/\/forfattarforbundet.se\/idag-inleds-rusta-biblioteken-for-det-demokratiska-uppdraget\/embed\/#?secret=KBDPjphcLY\" width=\"600\" height=\"338\" title=\"\u201dKampanjstart f\u00f6r \u201dRusta biblioteken f\u00f6r det demokratiska uppdraget\u201d\u201d &ndash; F\u00f6rfattarf\u00f6rbundet\" data-secret=\"KBDPjphcLY\" frameborder=\"0\" marginwidth=\"0\" marginheight=\"0\" scrolling=\"no\" class=\"wp-embedded-content\"><\/iframe><script type=\"text\/javascript\">\n\/* <![CDATA[ *\/\n\/*! This file is auto-generated *\/\n!function(d,l){\"use strict\";l.querySelector&&d.addEventListener&&\"undefined\"!=typeof URL&&(d.wp=d.wp||{},d.wp.receiveEmbedMessage||(d.wp.receiveEmbedMessage=function(e){var t=e.data;if((t||t.secret||t.message||t.value)&&!\/[^a-zA-Z0-9]\/.test(t.secret)){for(var s,r,n,a=l.querySelectorAll('iframe[data-secret=\"'+t.secret+'\"]'),o=l.querySelectorAll('blockquote[data-secret=\"'+t.secret+'\"]'),c=new RegExp(\"^https?:$\",\"i\"),i=0;i<o.length;i++)o[i].style.display=\"none\";for(i=0;i<a.length;i++)s=a[i],e.source===s.contentWindow&&(s.removeAttribute(\"style\"),\"height\"===t.message?(1e3<(r=parseInt(t.value,10))?r=1e3:~~r<200&&(r=200),s.height=r):\"link\"===t.message&&(r=new URL(s.getAttribute(\"src\")),n=new URL(t.value),c.test(n.protocol))&&n.host===r.host&&l.activeElement===s&&(d.top.location.href=t.value))}},d.addEventListener(\"message\",d.wp.receiveEmbedMessage,!1),l.addEventListener(\"DOMContentLoaded\",function(){for(var e,t,s=l.querySelectorAll(\"iframe.wp-embedded-content\"),r=0;r<s.length;r++)(t=(e=s[r]).getAttribute(\"data-secret\"))||(t=Math.random().toString(36).substring(2,12),e.src+=\"#?secret=\"+t,e.setAttribute(\"data-secret\",t)),e.contentWindow.postMessage({message:\"ready\",secret:t},\"*\")},!1)))}(window,document);\n\/\/# sourceURL=https:\/\/forfattarforbundet.se\/wp\/wp-includes\/js\/wp-embed.min.js\n\/* ]]> *\/\n<\/script>\n","thumbnail_url":"https:\/\/forfattarforbundet.se\/app\/uploads\/2020\/02\/rustabiblrund.jpg","thumbnail_width":2014,"thumbnail_height":1531,"description":"Biblioteken \u00e4r levande samlingsplatser f\u00f6r kunskap och bildning. \u00c4nd\u00e5 sviktar f\u00f6rst\u00e5elsen f\u00f6r deras betydelse och potential. P\u00e5 m\u00e5nga h\u00e5ll utvecklas inte biblioteken, utan l\u00e4ggs ned. Sedan 1995 har mer \u00e4n en fj\u00e4rdedel av landets folkbibliotek och filialer f\u00f6rsvunnit."}