{"version":"1.0","provider_name":"F\u00f6rfattarf\u00f6rbundet","provider_url":"https:\/\/forfattarforbundet.se","author_name":"Ludvig Berggren","author_url":"https:\/\/forfattarforbundet.se\/author\/ludvig-berggren\/","title":"\u201dGoogle f\u00f6r dold kamp mot svenska kulturskapare\u201d - F\u00f6rfattarf\u00f6rbundet","type":"rich","width":600,"height":338,"html":"<blockquote class=\"wp-embedded-content\" data-secret=\"UKbQhTO8iV\"><a href=\"https:\/\/forfattarforbundet.se\/google-for-dold-kamp-mot-svenska-kulturskapare\/\">\u201dGoogle f\u00f6r dold kamp mot svenska kulturskapare\u201d<\/a><\/blockquote><iframe sandbox=\"allow-scripts\" security=\"restricted\" src=\"https:\/\/forfattarforbundet.se\/google-for-dold-kamp-mot-svenska-kulturskapare\/embed\/#?secret=UKbQhTO8iV\" width=\"600\" height=\"338\" title=\"\u201d\u201dGoogle f\u00f6r dold kamp mot svenska kulturskapare\u201d\u201d &ndash; F\u00f6rfattarf\u00f6rbundet\" data-secret=\"UKbQhTO8iV\" frameborder=\"0\" marginwidth=\"0\" marginheight=\"0\" scrolling=\"no\" class=\"wp-embedded-content\"><\/iframe><script type=\"text\/javascript\">\n\/* <![CDATA[ *\/\n\/*! This file is auto-generated *\/\n!function(d,l){\"use strict\";l.querySelector&&d.addEventListener&&\"undefined\"!=typeof URL&&(d.wp=d.wp||{},d.wp.receiveEmbedMessage||(d.wp.receiveEmbedMessage=function(e){var t=e.data;if((t||t.secret||t.message||t.value)&&!\/[^a-zA-Z0-9]\/.test(t.secret)){for(var s,r,n,a=l.querySelectorAll('iframe[data-secret=\"'+t.secret+'\"]'),o=l.querySelectorAll('blockquote[data-secret=\"'+t.secret+'\"]'),c=new RegExp(\"^https?:$\",\"i\"),i=0;i<o.length;i++)o[i].style.display=\"none\";for(i=0;i<a.length;i++)s=a[i],e.source===s.contentWindow&&(s.removeAttribute(\"style\"),\"height\"===t.message?(1e3<(r=parseInt(t.value,10))?r=1e3:~~r<200&&(r=200),s.height=r):\"link\"===t.message&&(r=new URL(s.getAttribute(\"src\")),n=new URL(t.value),c.test(n.protocol))&&n.host===r.host&&l.activeElement===s&&(d.top.location.href=t.value))}},d.addEventListener(\"message\",d.wp.receiveEmbedMessage,!1),l.addEventListener(\"DOMContentLoaded\",function(){for(var e,t,s=l.querySelectorAll(\"iframe.wp-embedded-content\"),r=0;r<s.length;r++)(t=(e=s[r]).getAttribute(\"data-secret\"))||(t=Math.random().toString(36).substring(2,12),e.src+=\"#?secret=\"+t,e.setAttribute(\"data-secret\",t)),e.contentWindow.postMessage({message:\"ready\",secret:t},\"*\")},!1)))}(window,document);\n\/\/# sourceURL=https:\/\/forfattarforbundet.se\/wp\/wp-includes\/js\/wp-embed.min.js\n\/* ]]> *\/\n<\/script>\n","description":"\"Undan f\u00f6r undan uppdagas vilka metoder it-j\u00e4ttarna anv\u00e4nder i Bryssel f\u00f6r att f\u00f6rhindra att EU lagstiftar om skydd f\u00f6r kulturskaparnas r\u00e4ttigheter p\u00e5 n\u00e4tet. Nu \u00e4r det dags att v\u00e5ra svenska parlamentariker synar dessa kampanjer i s\u00f6mmarna\" skriver f\u00f6retr\u00e4dare f\u00f6r 21 organisationer inom kultursektorn i Svenska Dagbladet den 10 september 2018."}