{"version":"1.0","provider_name":"F\u00f6rfattarf\u00f6rbundet","provider_url":"https:\/\/forfattarforbundet.se","author_name":"\u00c5sa Nordlinder","author_url":"https:\/\/forfattarforbundet.se\/author\/nordlinder\/","title":"Anja Gatu ny ordf\u00f6rande f\u00f6r F\u00f6rfattarf\u00f6rbundet - F\u00f6rfattarf\u00f6rbundet","type":"rich","width":600,"height":338,"html":"<blockquote class=\"wp-embedded-content\" data-secret=\"dcPnUWrPF1\"><a href=\"https:\/\/forfattarforbundet.se\/anja-gatu-ny-ordforande-for-forfattarforbundet\/\">Anja Gatu ny ordf\u00f6rande f\u00f6r F\u00f6rfattarf\u00f6rbundet<\/a><\/blockquote><iframe sandbox=\"allow-scripts\" security=\"restricted\" src=\"https:\/\/forfattarforbundet.se\/anja-gatu-ny-ordforande-for-forfattarforbundet\/embed\/#?secret=dcPnUWrPF1\" width=\"600\" height=\"338\" title=\"\u201dAnja Gatu ny ordf\u00f6rande f\u00f6r F\u00f6rfattarf\u00f6rbundet\u201d &ndash; F\u00f6rfattarf\u00f6rbundet\" data-secret=\"dcPnUWrPF1\" frameborder=\"0\" marginwidth=\"0\" marginheight=\"0\" scrolling=\"no\" class=\"wp-embedded-content\"><\/iframe><script type=\"text\/javascript\">\n\/* <![CDATA[ *\/\n\/*! This file is auto-generated *\/\n!function(d,l){\"use strict\";l.querySelector&&d.addEventListener&&\"undefined\"!=typeof URL&&(d.wp=d.wp||{},d.wp.receiveEmbedMessage||(d.wp.receiveEmbedMessage=function(e){var t=e.data;if((t||t.secret||t.message||t.value)&&!\/[^a-zA-Z0-9]\/.test(t.secret)){for(var s,r,n,a=l.querySelectorAll('iframe[data-secret=\"'+t.secret+'\"]'),o=l.querySelectorAll('blockquote[data-secret=\"'+t.secret+'\"]'),c=new RegExp(\"^https?:$\",\"i\"),i=0;i<o.length;i++)o[i].style.display=\"none\";for(i=0;i<a.length;i++)s=a[i],e.source===s.contentWindow&&(s.removeAttribute(\"style\"),\"height\"===t.message?(1e3<(r=parseInt(t.value,10))?r=1e3:~~r<200&&(r=200),s.height=r):\"link\"===t.message&&(r=new URL(s.getAttribute(\"src\")),n=new URL(t.value),c.test(n.protocol))&&n.host===r.host&&l.activeElement===s&&(d.top.location.href=t.value))}},d.addEventListener(\"message\",d.wp.receiveEmbedMessage,!1),l.addEventListener(\"DOMContentLoaded\",function(){for(var e,t,s=l.querySelectorAll(\"iframe.wp-embedded-content\"),r=0;r<s.length;r++)(t=(e=s[r]).getAttribute(\"data-secret\"))||(t=Math.random().toString(36).substring(2,12),e.src+=\"#?secret=\"+t,e.setAttribute(\"data-secret\",t)),e.contentWindow.postMessage({message:\"ready\",secret:t},\"*\")},!1)))}(window,document);\n\/\/# sourceURL=https:\/\/forfattarforbundet.se\/wp\/wp-includes\/js\/wp-embed.min.js\n\/* ]]> *\/\n<\/script>\n","thumbnail_url":"https:\/\/forfattarforbundet.se\/app\/uploads\/2024\/05\/Anja-Gatu-fotograf-Emma-Larsson-1.jpg","thumbnail_width":1399,"thumbnail_height":2099,"description":"Vid F\u00f6rfattarf\u00f6rbundets \u00e5rsst\u00e4mma 18 maj valdes Anja Gatu till ny f\u00f6rbundsordf\u00f6rande. Anja Gatu medverkade i antologin Fittstim (1999), gav ut sina f\u00f6rsta egna verk 2015 och har sedan dess skrivit b\u00e5de barnb\u00f6cker och sportb\u00f6cker. Hon har \u00e4ven varit sportchef p\u00e5 Sydsvenskan, programutvecklingschef p\u00e5 P4 Malm\u00f6hus och sedan 2020 suttit som ordinarie ledamot i F\u00f6rfattarf\u00f6rbundets styrelse."}